{"id":1972,"date":"2023-01-29T20:31:49","date_gmt":"2023-01-29T20:31:49","guid":{"rendered":"https:\/\/rentour.gr\/auto-draft\/"},"modified":"2024-01-12T10:31:06","modified_gmt":"2024-01-12T10:31:06","slug":"auto-draft-2","status":"publish","type":"page","link":"https:\/\/rentour.gr\/ro\/","title":{"rendered":"Ini\u0163ial\u0103"},"content":{"rendered":"<p>[et_pb_section fb_built=&#8221;1&#8243; _builder_version=&#8221;4.16&#8243; background_image=&#8221;https:\/\/rentour.gr\/wp-content\/uploads\/2019\/11\/Athens-rent-a-car-.jpg&#8221; hover_transition_duration=&#8221;0ms&#8221; background_last_edited=&#8221;on|phone&#8221; background_enable_color_phone=&#8221;off&#8221; use_background_color_gradient_phone=&#8221;on&#8221; background_color_gradient_stops_phone=&#8221;#20a38b 0%|#8c2edd 100%&#8221; background_color_gradient_start_phone=&#8221;#20a38b&#8221; background_color_gradient_end_phone=&#8221;#8c2edd&#8221; background_enable_image_phone=&#8221;off&#8221; background_size_tablet=&#8221;initial&#8221; background_size_phone=&#8221;initial&#8221; background_position_tablet=&#8221;top_left&#8221; background_repeat_tablet=&#8221;no-repeat&#8221; background_repeat_phone=&#8221;no-repeat&#8221; background_blend_phone=&#8221;normal&#8221; global_colors_info=&#8221;{}&#8221; null_phone=&#8221;#2b87da&#8221;][et_pb_row column_structure=&#8221;1_2,1_2&#8243; custom_padding_last_edited=&#8221;on|phone&#8221; module_class=&#8221;flip&#8221; _builder_version=&#8221;4.16&#8243; width=&#8221;100%&#8221; max_width=&#8221;1880px&#8221; custom_padding=&#8221;|4.1%||10%|false|false&#8221; custom_padding_tablet=&#8221;&#8221; custom_padding_phone=&#8221;|4%||4%|false|false&#8221; global_colors_info=&#8221;{}&#8221;][et_pb_column type=&#8221;1_2&#8243; _builder_version=&#8221;4.16&#8243; global_colors_info=&#8221;{}&#8221;][et_pb_text admin_label=&#8221;Text&#8221; _builder_version=&#8221;4.16&#8243; width_tablet=&#8221;&#8221; width_phone=&#8221;&#8221; width_last_edited=&#8221;on|phone&#8221; max_width=&#8221;100%&#8221; min_height=&#8221;409px&#8221; custom_margin=&#8221;2px||13px|-28px||&#8221; custom_margin_tablet=&#8221;50px||0px|0px|false|false&#8221; custom_margin_phone=&#8221;0px|0px|0px|0px|false|false&#8221; custom_margin_last_edited=&#8221;on|desktop&#8221; custom_padding=&#8221;87px|0px||||&#8221; custom_padding_tablet=&#8221;0px|0px|0px||false|false&#8221; custom_padding_phone=&#8221;0px|2px||2px|false|false&#8221; custom_padding_last_edited=&#8221;on|phone&#8221; saved_tabs=&#8221;all&#8221; global_colors_info=&#8221;{}&#8221;]<\/p>\n<p style=\"text-align: center\"><em><\/em><\/p>\n<p>[\/et_pb_text][\/et_pb_column][et_pb_column type=&#8221;1_2&#8243; _builder_version=&#8221;4.16&#8243; global_colors_info=&#8221;{}&#8221;][et_pb_text content_tablet=&#8221;<\/p>\n<h1><strong>\u0395\u039d\u039f\u0399\u039a\u038a\u0391\u03a3\u0397 \u0391\u03a5\u03a4\u039f\u039a\u0399\u039d\u0389\u03a4\u039f\u03a5 \u0391\u0398\u0389\u039d\u0391<\/strong><\/h1>\n<p>&#8221; content_phone=&#8221;<\/p>\n<h1><strong>\u00ceNCHIRIERE AUTO ATENA<\/strong><\/h1>\n<p>&#8221; content_last_edited=&#8221;on|desktop&#8221; disabled_on=&#8221;off|off|off&#8221; _builder_version=&#8221;4.20.4&#8243; header_font=&#8221;Arial|700|||||||&#8221; header_text_color=&#8221;#ffffff&#8221; header_font_size=&#8221;64px&#8221; background_enable_color=&#8221;off&#8221; custom_margin=&#8221;18px||0px|-152px|false|false&#8221; custom_margin_tablet=&#8221;-9%||0px|0px|false|false&#8221; custom_margin_phone=&#8221;0px|0px|0px|0px|false|false&#8221; custom_margin_last_edited=&#8221;on|tablet&#8221; custom_padding=&#8221;0px|||0px|false|false&#8221; custom_padding_tablet=&#8221;0px||||false|false&#8221; custom_padding_phone=&#8221;0px|0px|0px|0px|false|false&#8221; custom_padding_last_edited=&#8221;on|phone&#8221; filter_contrast=&#8221;200%&#8221; hover_enabled=&#8221;0&#8243; header_text_align_tablet=&#8221;left&#8221; header_text_align_last_edited=&#8221;off|desktop&#8221; header_font_size_tablet=&#8221;50px&#8221; header_font_size_phone=&#8221;27px&#8221; header_font_size_last_edited=&#8221;on|phone&#8221; global_colors_info=&#8221;{}&#8221; sticky_enabled=&#8221;0&#8243;]<\/p>\n<h1 style=\"text-align: center;\">\u00ceNCHIRIERE AUTO ATENA<\/h1>\n<p>[\/et_pb_text][et_pb_text disabled_on=&#8221;off|off|off&#8221; _builder_version=&#8221;4.16&#8243; text_font=&#8221;Arial|700|||||||&#8221; text_text_color=&#8221;#ffffff&#8221; text_font_size=&#8221;26px&#8221; text_line_height=&#8221;1.2em&#8221; header_line_height=&#8221;1.9em&#8221; background_enable_color=&#8221;off&#8221; width_tablet=&#8221;98%&#8221; width_phone=&#8221;&#8221; width_last_edited=&#8221;on|tablet&#8221; min_height_tablet=&#8221;&#8221; min_height_phone=&#8221;&#8221; min_height_last_edited=&#8221;on|phone&#8221; custom_margin=&#8221;0px|0px|0px|0px|false|false&#8221; custom_margin_tablet=&#8221;0px|||-17px|false|false&#8221; custom_margin_phone=&#8221;|||0px|false|false&#8221; custom_margin_last_edited=&#8221;on|phone&#8221; custom_padding=&#8221;135px||51px||false|false&#8221; custom_padding_tablet=&#8221;10px|20px|20px|20px|false|false&#8221; custom_padding_phone=&#8221;0px|0px|0px|0px|false|false&#8221; custom_padding_last_edited=&#8221;on|tablet&#8221; filter_contrast=&#8221;200%&#8221; text_text_color_tablet=&#8221;#ffffff&#8221; text_text_color_phone=&#8221;#ffffff&#8221; text_text_color_last_edited=&#8221;on|tablet&#8221; text_font_size_tablet=&#8221;&#8221; text_font_size_phone=&#8221;19px&#8221; text_font_size_last_edited=&#8221;on|phone&#8221; text_letter_spacing_tablet=&#8221;&#8221; text_letter_spacing_phone=&#8221;1px&#8221; text_letter_spacing_last_edited=&#8221;on|phone&#8221; header_font_size_tablet=&#8221;&#8221; header_font_size_phone=&#8221;11px&#8221; header_font_size_last_edited=&#8221;on|phone&#8221; background_color_tablet=&#8221;rgba(68,68,68,0.33)&#8221; background_last_edited=&#8221;on|tablet&#8221; background_enable_color_tablet=&#8221;on&#8221; background_enable_color_phone=&#8221;off&#8221; global_colors_info=&#8221;{}&#8221;]<\/p>\n<p>G\u0103si\u021bi cele mai bune ma\u0219ini de \u00eenchiriat \u00een Atena \u0219i Aeroportul Interna\u021bional Venizelos<\/p>\n<p>[\/et_pb_text][et_pb_text disabled_on=&#8221;off|off|off&#8221; _builder_version=&#8221;4.16&#8243; text_font=&#8221;Arial|700|||||||&#8221; text_text_color=&#8221;#ffffff&#8221; text_font_size=&#8221;25px&#8221; text_letter_spacing=&#8221;1px&#8221; text_line_height=&#8221;1.2em&#8221; background_enable_color=&#8221;off&#8221; max_width_tablet=&#8221;98%&#8221; max_width_phone=&#8221;&#8221; max_width_last_edited=&#8221;on|phone&#8221; custom_margin=&#8221;1px|14px|-25px||false|false&#8221; custom_margin_tablet=&#8221;|0px||-16px|false|false&#8221; custom_margin_phone=&#8221;10px|0px|0px|0px|false|false&#8221; custom_margin_last_edited=&#8221;on|phone&#8221; custom_padding=&#8221;0px|0px|0px|17px|false|false&#8221; custom_padding_tablet=&#8221;&#8221; custom_padding_phone=&#8221;|||0px|false|false&#8221; custom_padding_last_edited=&#8221;on|phone&#8221; filter_contrast=&#8221;200%&#8221; text_font_size_tablet=&#8221;&#8221; text_font_size_phone=&#8221;18px&#8221; text_font_size_last_edited=&#8221;on|desktop&#8221; background_color_tablet=&#8221;rgba(68,68,68,0.33)&#8221; background_last_edited=&#8221;on|tablet&#8221; background_enable_color_tablet=&#8221;on&#8221; background_enable_color_phone=&#8221;off&#8221; global_colors_info=&#8221;{}&#8221;]<\/p>\n<p>Cele mai bune oferte pentru inchirieri auto.<br \/>\nMa\u0219ini noi, pre\u021buri excelente <\/p>\n<p>&nbsp;<\/p>\n<p>[\/et_pb_text][et_pb_blurb title=&#8221;\u03a7\u03c9\u03c1\u03af\u03c2 \u03c0\u03b9\u03c3\u03c4\u03c9\u03c4\u03b9\u03ba\u03ae \u03ba\u03ac\u03c1\u03c4\u03b1&#8221; use_icon=&#8221;on&#8221; font_icon=&#8221;&#x5a;||divi||400&#8243; icon_color=&#8221;#e02b20&#8243; icon_placement=&#8221;left&#8221; image_icon_width=&#8221;62px&#8221; disabled_on=&#8221;on|on|off&#8221; _builder_version=&#8221;4.16&#8243; header_font=&#8221;Arial|600|||||||&#8221; header_text_color=&#8221;#ffffff&#8221; header_font_size=&#8221;25px&#8221; header_line_height=&#8221;2.8em&#8221; body_text_color=&#8221;#ffffff&#8221; custom_margin=&#8221;||-7px||false|false&#8221; filter_contrast=&#8221;200%&#8221; icon_font_size=&#8221;62px&#8221; global_colors_info=&#8221;{}&#8221;][\/et_pb_blurb][et_pb_blurb title=&#8221;\u03a7\u03c9\u03c1\u03af\u03c2 \u03ba\u03c1\u03c5\u03c6\u03ad\u03c2 \u03c7\u03c1\u03b5\u03ce\u03c3\u03b5\u03b9\u03c2&#8221; use_icon=&#8221;on&#8221; font_icon=&#8221;&#x5a;||divi||400&#8243; icon_color=&#8221;#e02b20&#8243; icon_placement=&#8221;left&#8221; image_icon_width=&#8221;62px&#8221; disabled_on=&#8221;on|on|off&#8221; _builder_version=&#8221;4.16&#8243; header_font=&#8221;Arial|600|||||||&#8221; header_text_color=&#8221;#ffffff&#8221; header_font_size=&#8221;25px&#8221; header_line_height=&#8221;2.8em&#8221; body_text_color=&#8221;#ffffff&#8221; custom_margin=&#8221;||-7px||false|false&#8221; filter_contrast=&#8221;200%&#8221; icon_font_size=&#8221;62px&#8221; global_colors_info=&#8221;{}&#8221;][\/et_pb_blurb][et_pb_blurb title=&#8221;\u039a\u03ac\u03bd\u03c4\u03b5 \u03ba\u03c1\u03ac\u03c4\u03b7\u03c3\u03b7 online&#8221; use_icon=&#8221;on&#8221; font_icon=&#8221;&#x5a;||divi||400&#8243; icon_color=&#8221;#e02b20&#8243; icon_placement=&#8221;left&#8221; image_icon_width=&#8221;62px&#8221; disabled_on=&#8221;on|on|off&#8221; _builder_version=&#8221;4.16&#8243; header_font=&#8221;Arial|600|||||||&#8221; header_text_color=&#8221;#ffffff&#8221; header_font_size=&#8221;25px&#8221; header_line_height=&#8221;2.8em&#8221; body_text_color=&#8221;#ffffff&#8221; custom_margin=&#8221;||-89px|||&#8221; filter_contrast=&#8221;200%&#8221; icon_font_size=&#8221;62px&#8221; global_colors_info=&#8221;{}&#8221;][\/et_pb_blurb][\/et_pb_column][\/et_pb_row][\/et_pb_section][et_pb_section fb_built=&#8221;1&#8243; _builder_version=&#8221;4.16&#8243; custom_padding=&#8221;27px||0px|||&#8221; global_colors_info=&#8221;{}&#8221;][et_pb_row column_structure=&#8221;1_3,1_3,1_3&#8243; custom_padding_last_edited=&#8221;on|desktop&#8221; _builder_version=&#8221;4.16&#8243; width=&#8221;100%&#8221; max_width=&#8221;2560px&#8221; min_height=&#8221;369px&#8221; custom_padding=&#8221;0px|6%|0px|6%|false|false&#8221; custom_padding_tablet=&#8221;&#8221; custom_padding_phone=&#8221;|5%||5%|false|false&#8221; global_colors_info=&#8221;{}&#8221;][et_pb_column type=&#8221;1_3&#8243; _builder_version=&#8221;4.16&#8243; global_colors_info=&#8221;{}&#8221;][et_pb_blurb title=&#8221;\u03a7\u03c9\u03c1\u03af\u03c2 \u03c0\u03b9\u03c3\u03c4\u03c9\u03c4\u03b9\u03ba\u03ae \u03ba\u03ac\u03c1\u03c4\u03b1&#8221; use_icon=&#8221;on&#8221; font_icon=&#8221;&#x5a;||divi||400&#8243; icon_color=&#8221;#e02b20&#8243; icon_placement=&#8221;left&#8221; image_icon_width=&#8221;54px&#8221; disabled_on=&#8221;off|off|on&#8221; _builder_version=&#8221;4.16&#8243; header_font=&#8221;|600|||||||&#8221; header_font_size=&#8221;23px&#8221; header_line_height=&#8221;2.2em&#8221; custom_margin=&#8221;||-5px|||&#8221; custom_margin_tablet=&#8221;-10%||||false|false&#8221; custom_margin_phone=&#8221;-5%||||false|false&#8221; custom_margin_last_edited=&#8221;on|desktop&#8221; custom_padding_tablet=&#8221;&#8221; custom_padding_phone=&#8221;&#8221; custom_padding_last_edited=&#8221;on|tablet&#8221; icon_font_size=&#8221;54px&#8221; global_colors_info=&#8221;{}&#8221;][\/et_pb_blurb][et_pb_blurb title=&#8221;\u03a7\u03c9\u03c1\u03af\u03c2 \u03ba\u03c1\u03c5\u03c6\u03ad\u03c2 \u03c7\u03c1\u03b5\u03ce\u03c3\u03b5\u03b9\u03c2&#8221; use_icon=&#8221;on&#8221; font_icon=&#8221;&#x5a;||divi||400&#8243; icon_color=&#8221;#e02b20&#8243; icon_placement=&#8221;left&#8221; image_icon_width=&#8221;54px&#8221; disabled_on=&#8221;off|off|on&#8221; _builder_version=&#8221;4.16&#8243; header_font=&#8221;|600|||||||&#8221; header_font_size=&#8221;23px&#8221; header_line_height=&#8221;2.2em&#8221; custom_margin=&#8221;1px||-1px|||&#8221; icon_font_size=&#8221;54px&#8221; global_colors_info=&#8221;{}&#8221;][\/et_pb_blurb][et_pb_blurb title=&#8221;\u039a\u03ac\u03bd\u03c4\u03b5 \u03ba\u03c1\u03ac\u03c4\u03b7\u03c3\u03b7 online&#8221; use_icon=&#8221;on&#8221; font_icon=&#8221;&#x5a;||divi||400&#8243; icon_color=&#8221;#e02b20&#8243; icon_placement=&#8221;left&#8221; image_icon_width=&#8221;54px&#8221; disabled_on=&#8221;off|off|on&#8221; _builder_version=&#8221;4.16&#8243; header_font=&#8221;|600|||||||&#8221; header_font_size=&#8221;23px&#8221; header_line_height=&#8221;2.2em&#8221; icon_font_size=&#8221;54px&#8221; global_colors_info=&#8221;{}&#8221;][\/et_pb_blurb][et_pb_blurb title=&#8221;\u0395\u03bd\u03bf\u03b9\u03ba\u03af\u03b1\u03c3\u03b7 \u03b1\u03c5\u03c4\u03bf\u03ba\u03b9\u03bd\u03ae\u03c4\u03bf\u03c5 \u0391\u03b8\u03ae\u03bd\u03b1&#8221; use_icon=&#8221;on&#8221; font_icon=&#8221;&#xe044;||divi||400&#8243; icon_color=&#8221;#e02b20&#8243; image_icon_width=&#8221;99px&#8221; _builder_version=&#8221;4.16&#8243; header_level=&#8221;h2&#8243; header_font=&#8221;Arial|600|||||||&#8221; header_text_color=&#8221;#e02b20&#8243; header_font_size=&#8221;27px&#8221; header_letter_spacing=&#8221;1px&#8221; body_font=&#8221;Arial||||||||&#8221; body_text_color=&#8221;#000000&#8243; body_font_size=&#8221;17px&#8221; text_orientation=&#8221;center&#8221; width=&#8221;100%&#8221; icon_font_size=&#8221;99px&#8221; global_colors_info=&#8221;{}&#8221;]<\/p>\n<p style=\"text-align: justify\">Pentru \u00eenchirieri auto Atena, Aeroportul Interna\u021bional Atena El. Pentru \u00eenchirieri auto \u00een Atena, la Aeroportul Interna\u021bional Atena, \u00een portul Pireu, doar la Rentour ve\u021bi g\u0103si ma\u0219ini noi de calitate \u0219i la pre\u021buri accesibile pentru \u00eenchirierea dumneavoastr\u0103. \u00cenchiriaz\u0103 o ma\u0219in\u0103 de la noi ast\u0103zi \u0219i profit\u0103.  <\/p>\n<p>&nbsp;<\/p>\n<p>[\/et_pb_blurb][\/et_pb_column][et_pb_column type=&#8221;1_3&#8243; _builder_version=&#8221;4.16&#8243; global_colors_info=&#8221;{}&#8221;][et_pb_blurb title=&#8221;\u0395\u03bd\u03bf\u03b9\u03ba\u03af\u03b1\u03c3\u03b7 \u03b1\u03c5\u03c4\u03bf\u03ba\u03b9\u03bd\u03ae\u03c4\u03bf\u03c5 \u03c7\u03c9\u03c1\u03af\u03c2 \u03c0\u03b9\u03c3\u03c4\u03c9\u03c4\u03b9\u03ba\u03ae \u03ba\u03ac\u03c1\u03c4\u03b1&#8221; use_icon=&#8221;on&#8221; font_icon=&#8221;&#xe0e0;||divi||400&#8243; icon_color=&#8221;#e02b20&#8243; image_icon_width=&#8221;99px&#8221; _builder_version=&#8221;4.16&#8243; header_level=&#8221;h2&#8243; header_font=&#8221;Arial|600|||||||&#8221; header_text_color=&#8221;#e02b20&#8243; header_font_size=&#8221;27px&#8221; header_letter_spacing=&#8221;1px&#8221; body_font=&#8221;Arial||||||||&#8221; body_text_color=&#8221;#000000&#8243; body_font_size=&#8221;17px&#8221; text_orientation=&#8221;center&#8221; custom_padding=&#8221;|||0px||&#8221; icon_font_size=&#8221;99px&#8221; global_colors_info=&#8221;{}&#8221;]<\/p>\n<p style=\"text-align: justify;\">\u00cenchirieri auto Atena f\u0103r\u0103 card de credit sau debit. Cu Rentour nu ave\u021bi nevoie de un card de credit sau de debit pentru a \u00eenchiria o ma\u0219in\u0103. Ridica\u021bi ma\u0219ina de \u00eenchiriat \u00een 5 minute \u0219i pl\u0103ti\u021bi \u00eenchirierea \u00een numerar!!<\/p>\n<p>&nbsp;<\/p>\n<p>[\/et_pb_blurb][\/et_pb_column][et_pb_column type=&#8221;1_3&#8243; _builder_version=&#8221;4.16&#8243; global_colors_info=&#8221;{}&#8221;][et_pb_blurb title=&#8221;\u03a0\u03b1\u03c1\u03ac\u03b4\u03bf\u03c3\u03b7 \u03b1\u03c5\u03c4\u03bf\u03ba\u03b9\u03bd\u03ae\u03c4\u03c9\u03bd \u03c3\u03b5 \u03cc\u03bb\u03b7 \u03c4\u03b7\u03bd \u0391\u03b8\u03ae\u03bd\u03b1&#8221; use_icon=&#8221;on&#8221; font_icon=&#8221;&#xe081;||divi||400&#8243; icon_color=&#8221;#e02b20&#8243; image_icon_width=&#8221;99px&#8221; _builder_version=&#8221;4.16&#8243; header_level=&#8221;h2&#8243; header_font=&#8221;Arial|600|||||||&#8221; header_text_color=&#8221;#e02b20&#8243; header_font_size=&#8221;27px&#8221; header_letter_spacing=&#8221;1px&#8221; body_font=&#8221;Arial||||||||&#8221; body_text_color=&#8221;#000000&#8243; body_font_size=&#8221;17px&#8221; text_orientation=&#8221;center&#8221; custom_margin=&#8221;|||1px||&#8221; icon_font_size=&#8221;99px&#8221; global_colors_info=&#8221;{}&#8221;]<\/p>\n<p style=\"text-align: justify;\">Ridica\u021bi-v\u0103 ma\u0219ina de \u00eenchiriat din centrul Atenei, Aeroportul Interna\u021bional din Atena, Portul Pireu sau chiar de la hotel sau apartament. Oferim cele mai bune pre\u021buri f\u0103r\u0103 costuri suplimentare pentru livrare* Cele mai ieftine ma\u0219ini de \u00eenchiriat din Atena.<\/p>\n<p>&nbsp;<\/p>\n<p>&nbsp;<\/p>\n<p>[\/et_pb_blurb][\/et_pb_column][\/et_pb_row][\/et_pb_section][et_pb_section fb_built=&#8221;1&#8243; _builder_version=&#8221;4.16&#8243; max_width=&#8221;100%&#8221; custom_margin=&#8221;||-20px|||&#8221; global_colors_info=&#8221;{}&#8221;][et_pb_row _builder_version=&#8221;4.16&#8243; background_color=&#8221;#e0e0e0&#8243; width=&#8221;100%&#8221; max_width=&#8221;3000px&#8221; custom_margin=&#8221;-57px|auto||auto||&#8221; global_colors_info=&#8221;{}&#8221;][et_pb_column type=&#8221;4_4&#8243; _builder_version=&#8221;4.16&#8243; global_colors_info=&#8221;{}&#8221;][et_pb_text _builder_version=&#8221;4.16&#8243; text_font_size=&#8221;11px&#8221; header_text_color=&#8221;#e02b20&#8243; header_font_size=&#8221;44px&#8221; width=&#8221;100%&#8221; custom_margin_tablet=&#8221;&#8221; custom_margin_phone=&#8221;-24px||20px||false|false&#8221; custom_margin_last_edited=&#8221;on|phone&#8221; global_colors_info=&#8221;{}&#8221;]<\/p>\n<h2 style=\"text-align: center\"><strong>Avantajele \u00eenchirierii unei ma\u0219ini \u00een Atena.<\/strong><\/h2>\n<p>[\/et_pb_text][\/et_pb_column][\/et_pb_row][\/et_pb_section][et_pb_section fb_built=&#8221;1&#8243; _builder_version=&#8221;4.16&#8243; custom_padding=&#8221;0px|||||&#8221; global_colors_info=&#8221;{}&#8221;][et_pb_row column_structure=&#8221;1_5,1_5,1_5,1_5,1_5&#8243; _builder_version=&#8221;4.16&#8243; width=&#8221;90%&#8221; max_width=&#8221;2560px&#8221; global_colors_info=&#8221;{}&#8221;][et_pb_column type=&#8221;1_5&#8243; _builder_version=&#8221;4.16&#8243; global_colors_info=&#8221;{}&#8221;][et_pb_blurb title=&#8221;\u0391\u03c3\u03c6\u03ac\u03bb\u03b9\u03c3\u03b7 \u03b1\u03c3\u03c4\u03b9\u03ba\u03ae\u03c2 \u03b5\u03c5\u03b8\u03cd\u03bd\u03b7\u03c2 \u03ad\u03bd\u03b1\u03bd\u03c4\u03b9 \u03c4\u03c1\u03af\u03c4\u03c9\u03bd. &#8221; use_icon=&#8221;on&#8221; font_icon=&#8221;&#xe018;||divi||400&#8243; image_icon_width=&#8221;69px&#8221; _builder_version=&#8221;4.16&#8243; header_font=&#8221;|600|||||||&#8221; header_text_align=&#8221;center&#8221; header_text_color=&#8221;#000000&#8243; body_font=&#8221;||||||||&#8221; body_text_align=&#8221;left&#8221; body_text_color=&#8221;#000000&#8243; icon_font_size=&#8221;69px&#8221; global_colors_info=&#8221;{}&#8221;]<\/p>\n<p>Tarifele noastre de \u00eenchiriere includ asigurare gratuit\u0103 de r\u0103spundere civil\u0103 pentru daune materiale \u0219i v\u0103t\u0103m\u0103ri personale. Conduce\u021bi cu siguran\u021b\u0103 \u0219i \u00eencredere. <\/p>\n<p>[\/et_pb_blurb][\/et_pb_column][et_pb_column type=&#8221;1_5&#8243; _builder_version=&#8221;4.16&#8243; global_colors_info=&#8221;{}&#8221;][et_pb_blurb title=&#8221;\u0394\u03c9\u03c1\u03b5\u03ac\u03bd \u03b1\u03c3\u03c6\u03ac\u03bb\u03b9\u03c3\u03b7 CDW \u03bc\u03b5 \u03b1\u03c0\u03b1\u03bb\u03bb\u03b1\u03b3\u03ae  &#8221; use_icon=&#8221;on&#8221; font_icon=&#8221;&#xe02a;||divi||400&#8243; image_icon_width=&#8221;69px&#8221; _builder_version=&#8221;4.16&#8243; header_font=&#8221;|600|||||||&#8221; header_text_align=&#8221;center&#8221; header_text_color=&#8221;#000000&#8243; body_font=&#8221;||||||||&#8221; body_text_align=&#8221;justify&#8221; body_text_color=&#8221;#000000&#8243; text_orientation=&#8221;center&#8221; icon_font_size=&#8221;69px&#8221; global_colors_info=&#8221;{}&#8221;]<\/p>\n<p style=\"text-align: left\">\u00cenchirierea unei ma\u0219ini \u00een Atena de la Rentour v\u0103 ofer\u0103 asigurare auto CDW pentru a v\u0103 limita r\u0103spunderea \u00een cazul unui accident.<\/p>\n<p>[\/et_pb_blurb][\/et_pb_column][et_pb_column type=&#8221;1_5&#8243; _builder_version=&#8221;4.16&#8243; global_colors_info=&#8221;{}&#8221;][et_pb_blurb title=&#8221;\u0391\u03c0\u03b1\u03bb\u03bb\u03b1\u03b3\u03ae \u03b1\u03c0\u03cc \u03c4\u03b7\u03bd \u03c0\u03c1\u03bf\u03c3\u03c4\u03b1\u03c3\u03af\u03b1 \u03ba\u03b1\u03c4\u03ac \u03c4\u03b7\u03c2 \u03ba\u03bb\u03bf\u03c0\u03ae\u03c2  &#8221; use_icon=&#8221;on&#8221; font_icon=&#8221;&#xe0d9;||divi||400&#8243; image_icon_width=&#8221;69px&#8221; _builder_version=&#8221;4.16&#8243; header_font=&#8221;|600|||||||&#8221; header_text_align=&#8221;center&#8221; header_text_color=&#8221;#000000&#8243; body_font=&#8221;||||||||&#8221; body_text_align=&#8221;justify&#8221; body_text_color=&#8221;#000000&#8243; icon_font_size=&#8221;69px&#8221; global_colors_info=&#8221;{}&#8221;]<\/p>\n<p style=\"text-align: left\">\u00cenchiriaz\u0103 o ma\u0219in\u0103 f\u0103r\u0103 stres. Oferim asigurare gratuit\u0103 de furt auto cu fiecare \u00eenchiriere. \u00cen cazul nefericit al unui furt de ma\u0219in\u0103, acoperirea noastr\u0103 v\u0103 protejeaz\u0103 de riscul financiar.  <\/p>\n<p>[\/et_pb_blurb][\/et_pb_column][et_pb_column type=&#8221;1_5&#8243; _builder_version=&#8221;4.16&#8243; global_colors_info=&#8221;{}&#8221;][et_pb_blurb title=&#8221;\u0394\u03c9\u03c1\u03b5\u03ac\u03bd \u03bf\u03b4\u03b9\u03ba\u03ae \u03b2\u03bf\u03ae\u03b8\u03b5\u03b9\u03b1  &#8221; use_icon=&#8221;on&#8221; font_icon=&#8221;&#xe011;||divi||400&#8243; image_icon_width=&#8221;69px&#8221; _builder_version=&#8221;4.16&#8243; header_font=&#8221;|600|||||||&#8221; header_text_align=&#8221;center&#8221; header_text_color=&#8221;#000000&#8243; body_font=&#8221;||||||||&#8221; body_text_align=&#8221;justify&#8221; body_text_color=&#8221;#000000&#8243; icon_font_size=&#8221;69px&#8221; global_colors_info=&#8221;{}&#8221;]<\/p>\n<p>Asisten\u021ba rutier\u0103 gratuit\u0103 la nivel na\u021bional este inclus\u0103 cu fiecare \u00eenchiriere de ma\u0219ini, pentru a v\u0103 asigura c\u0103 vacan\u021ba dvs. nu va fi distrus\u0103 de situa\u021bii nea\u0219teptate.<\/p>\n<p>[\/et_pb_blurb][\/et_pb_column][et_pb_column type=&#8221;1_5&#8243; _builder_version=&#8221;4.16&#8243; global_colors_info=&#8221;{}&#8221;][et_pb_blurb title=&#8221;\u0394\u03c9\u03c1\u03b5\u03ac\u03bd \u03b1\u03c0\u03b5\u03c1\u03b9\u03cc\u03c1\u03b9\u03c3\u03c4\u03b1 \u03c7\u03b9\u03bb\u03b9\u03cc\u03bc\u03b5\u03c4\u03c1\u03b1.&#8221; use_icon=&#8221;on&#8221; font_icon=&#8221;&#xe02d;||divi||400&#8243; image_icon_width=&#8221;69px&#8221; _builder_version=&#8221;4.16&#8243; header_font=&#8221;|600|||||||&#8221; header_text_align=&#8221;center&#8221; header_text_color=&#8221;#000000&#8243; body_font=&#8221;||||||||&#8221; body_text_align=&#8221;justify&#8221; body_text_color=&#8221;#000000&#8243; text_orientation=&#8221;justified&#8221; icon_font_size=&#8221;69px&#8221; global_colors_info=&#8221;{}&#8221;]<\/p>\n<p style=\"text-align: justify\">Conduce\u021bi f\u0103r\u0103 restric\u021bii.<br \/>\nCu toate ma\u0219inile de \u00eenchiriat \u00een Atena, oferim kilometri gratuiti nelimita\u021bi \u00een pre\u021burile noastre.<br \/>\nConduce\u021bi liber \u0219i explora\u021bi Atena \u0219i Grecia f\u0103r\u0103 griji.  <\/p>\n<p>[\/et_pb_blurb][\/et_pb_column][\/et_pb_row][\/et_pb_section][et_pb_section fb_built=&#8221;1&#8243; _builder_version=&#8221;4.16&#8243; global_colors_info=&#8221;{}&#8221;][et_pb_row column_structure=&#8221;1_2,1_2&#8243; _builder_version=&#8221;4.16&#8243; background_color=&#8221;rgba(0,0,0,0.89)&#8221; width=&#8221;100%&#8221; max_width=&#8221;100%&#8221; custom_padding=&#8221;||||false|false&#8221; global_colors_info=&#8221;{}&#8221;][et_pb_column type=&#8221;1_2&#8243; _builder_version=&#8221;4.16&#8243; custom_padding=&#8221;|||15%|false|false&#8221; custom_padding_tablet=&#8221;&#8221; custom_padding_phone=&#8221;7px|||0%|false|false&#8221; custom_padding_last_edited=&#8221;on|phone&#8221; global_colors_info=&#8221;{}&#8221;][et_pb_blurb title=&#8221;\u0393\u0399\u0391\u03a4\u038a \u039d\u0391 \u0395\u03a0\u0399\u039b\u0388\u039e\u0395\u03a4\u0395 \u03a4\u0397\u039d RENTOUR&#8221; _builder_version=&#8221;4.16&#8243; header_level=&#8221;h2&#8243; header_text_align=&#8221;left&#8221; header_text_color=&#8221;#ffffff&#8221; header_font_size=&#8221;30px&#8221; body_text_color=&#8221;#ffffff&#8221; text_orientation=&#8221;center&#8221; custom_margin=&#8221;||9px|||&#8221; custom_margin_tablet=&#8221;&#8221; custom_margin_phone=&#8221;0px|0px|0px|0px|false|false&#8221; custom_margin_last_edited=&#8221;on|phone&#8221; custom_padding=&#8221;0px|0px|0px|0px|false|false&#8221; header_text_align_tablet=&#8221;&#8221; header_text_align_phone=&#8221;center&#8221; header_text_align_last_edited=&#8221;on|phone&#8221; text_orientation_tablet=&#8221;&#8221; text_orientation_phone=&#8221;center&#8221; text_orientation_last_edited=&#8221;on|phone&#8221; global_colors_info=&#8221;{}&#8221;][\/et_pb_blurb][et_pb_blurb title=&#8221;\u0395\u03bd\u03bf\u03b9\u03ba\u03af\u03b1\u03c3\u03b7 \u03b1\u03c5\u03c4\u03bf\u03ba\u03b9\u03bd\u03ae\u03c4\u03bf\u03c5 \u0391\u03b8\u03ae\u03bd\u03b1 \u03b1\u03c0\u03cc \u03c4\u03b7\u03bd Rentour&#8221; icon_alignment_tablet=&#8221;&#8221; icon_alignment_phone=&#8221;&#8221; icon_alignment_last_edited=&#8221;on|tablet&#8221; content_last_edited=&#8221;off|desktop&#8221; content_max_width_tablet=&#8221;&#8221; content_max_width_phone=&#8221;&#8221; content_max_width_last_edited=&#8221;on|phone&#8221; _builder_version=&#8221;4.16&#8243; header_level=&#8221;h3&#8243; header_text_align=&#8221;left&#8221; header_text_color=&#8221;#ffffff&#8221; header_font_size=&#8221;23px&#8221; body_text_color=&#8221;#ffffff&#8221; body_font_size=&#8221;16px&#8221; body_letter_spacing=&#8221;1px&#8221; text_orientation=&#8221;center&#8221; width=&#8221;100%&#8221; width_tablet=&#8221;&#8221; width_phone=&#8221;88%&#8221; width_last_edited=&#8221;on|phone&#8221; module_alignment=&#8221;center&#8221; custom_margin=&#8221;|-78px||||&#8221; global_colors_info=&#8221;{}&#8221;]<\/p>\n<h4 style=\"text-align: left\"> <\/h4>\n<p>&nbsp;<\/p>\n<ul>\n<li style=\"text-align: left\">Inchiriez la cele mai bune preturi<\/li>\n<li style=\"text-align: left\">F\u0103r\u0103 card de credit sau debit<\/li>\n<li style=\"text-align: left\">Pl\u0103ti\u021bi cu numerar<\/li>\n<li style=\"text-align: left\"><a href=\"https:\/\/rentour.gr\/ro\/\u03c0\u03c1\u03cc\u03c3\u03b8\u03b5\u03c4\u03b1-\u03ba\u03b1\u03b9-\u03b1\u03c3\u03c6\u03ac\u03bb\u03b5\u03b9\u03b5\u03c2\/\">Servicii suplimentare gratuite<\/a><\/li>\n<li style=\"text-align: left\">Kilometri nelimita\u021bi<\/li>\n<li style=\"text-align: left\">Preluare \u0219i predare gratuit\u0103 de la aeroportul din Atena<\/li>\n<li style=\"text-align: left\">Asisten\u021b\u0103 rutier\u0103 gratuit\u0103<\/li>\n<li style=\"text-align: left\">Ma\u0219ini noi-nou\u021be<\/li>\n<\/ul>\n<p>[\/et_pb_blurb][et_pb_button button_url=&#8221;@ET-DC@eyJkeW5hbWljIjp0cnVlLCJjb250ZW50IjoicG9zdF9saW5rX3VybF9wYWdlIiwic2V0dGluZ3MiOnsicG9zdF9pZCI6IjE2In19@&#8221; button_text=&#8221;\u0394\u0395\u038a\u03a4\u0395 \u03a4\u0391 \u039f\u03a7\u0389\u039c\u0391\u03a4\u0391&#8221; button_alignment=&#8221;left&#8221; button_alignment_tablet=&#8221;&#8221; button_alignment_phone=&#8221;left&#8221; button_alignment_last_edited=&#8221;on|desktop&#8221; _builder_version=&#8221;4.16&#8243; _dynamic_attributes=&#8221;button_url&#8221; custom_button=&#8221;on&#8221; button_text_size=&#8221;19px&#8221; button_text_color=&#8221;#ffffff&#8221; button_bg_color=&#8221;#e02b20&#8243; button_border_width=&#8221;0px&#8221; button_border_color=&#8221;#ffffff&#8221; button_use_icon=&#8221;off&#8221; custom_margin=&#8221;|||25px|false|false&#8221; custom_margin_tablet=&#8221;&#8221; custom_margin_phone=&#8221;&#8221; custom_margin_last_edited=&#8221;on|phone&#8221; button_border_width_tablet=&#8221;&#8221; button_border_width_phone=&#8221;&#8221; button_border_width_last_edited=&#8221;on|desktop&#8221; global_colors_info=&#8221;{}&#8221; button_border_width__hover_enabled=&#8221;on|hover&#8221; button_border_width__hover=&#8221;3px&#8221;][\/et_pb_button][\/et_pb_column][et_pb_column type=&#8221;1_2&#8243; _builder_version=&#8221;4.16&#8243; global_colors_info=&#8221;{}&#8221;][et_pb_image src=&#8221;https:\/\/rentour.gr\/wp-content\/uploads\/2019\/11\/Rent.a.car_.jpg&#8221; alt=&#8221;\u0395\u03bd\u03bf\u03b9\u03ba\u03af\u03b1\u03c3\u03b7 \u03b1\u03c5\u03c4\u03bf\u03ba\u03b9\u03bd\u03ae\u03c4\u03bf\u03c5 \u0391\u03b8\u03ae\u03bd\u03b1&#8221; align_tablet=&#8221;center&#8221; align_phone=&#8221;center&#8221; align_last_edited=&#8221;on|phone&#8221; _builder_version=&#8221;4.16&#8243; max_width=&#8221;74%&#8221; max_width_tablet=&#8221;&#8221; max_width_phone=&#8221;90%&#8221; max_width_last_edited=&#8221;on|phone&#8221; custom_margin=&#8221;||0px||false|false&#8221; custom_margin_tablet=&#8221;&#8221; custom_margin_phone=&#8221;||60px||false|false&#8221; custom_margin_last_edited=&#8221;on|desktop&#8221; custom_padding=&#8221;2%||||false|false&#8221; custom_padding_tablet=&#8221;0%||||false|false&#8221; custom_padding_phone=&#8221;&#8221; custom_padding_last_edited=&#8221;on|desktop&#8221; global_colors_info=&#8221;{}&#8221;][\/et_pb_image][\/et_pb_column][\/et_pb_row][\/et_pb_section][et_pb_section fb_built=&#8221;1&#8243; _builder_version=&#8221;4.16&#8243; background_color=&#8221;#ededed&#8221; border_width_bottom=&#8221;1px&#8221; border_color_bottom=&#8221;#e02b20&#8243; global_colors_info=&#8221;{}&#8221;][et_pb_row _builder_version=&#8221;4.16&#8243; width=&#8221;100%&#8221; max_width=&#8221;100%&#8221; custom_margin=&#8221;-53px||||false|false&#8221; custom_margin_tablet=&#8221;&#8221; custom_margin_phone=&#8221;&#8221; custom_margin_last_edited=&#8221;on|desktop&#8221; custom_padding=&#8221;0px||||false|false&#8221; border_width_top=&#8221;1px&#8221; global_colors_info=&#8221;{}&#8221;][et_pb_column type=&#8221;4_4&#8243; _builder_version=&#8221;4.16&#8243; global_colors_info=&#8221;{}&#8221;][et_pb_text _builder_version=&#8221;4.16&#8243; header_2_font=&#8221;|600|||||||&#8221; header_2_text_align=&#8221;center&#8221; header_2_text_color=&#8221;#000000&#8243; header_2_font_size=&#8221;28px&#8221; width_tablet=&#8221;&#8221; width_phone=&#8221;89%&#8221; width_last_edited=&#8221;on|phone&#8221; module_alignment=&#8221;center&#8221; custom_margin=&#8221;25px||||false|false&#8221; custom_margin_tablet=&#8221;&#8221; custom_margin_phone=&#8221;&#8221; custom_margin_last_edited=&#8221;on|phone&#8221; global_colors_info=&#8221;{}&#8221;]<\/p>\n<h2>\u00cenchirieri auto Atena Servicii suplimentare<\/h2>\n<p>[\/et_pb_text][\/et_pb_column][\/et_pb_row][et_pb_row column_structure=&#8221;1_3,1_3,1_3&#8243; _builder_version=&#8221;4.16&#8243; global_colors_info=&#8221;{}&#8221;][et_pb_column type=&#8221;1_3&#8243; _builder_version=&#8221;4.16&#8243; global_colors_info=&#8221;{}&#8221;][et_pb_blurb title=&#8221;\u03a0\u03bb\u03bf\u03ae\u03b3\u03b7\u03c3\u03b7 GPS&#8221; image=&#8221;https:\/\/rentour.gr\/wp-content\/uploads\/2019\/12\/gps-in-car.jpg&#8221; alt=&#8221;\u0395\u03bd\u03bf\u03b9\u03ba\u03af\u03b1\u03c3\u03b7 \u03b1\u03c5\u03c4\u03bf\u03ba\u03b9\u03bd\u03ae\u03c4\u03bf\u03c5 \u0391\u03b8\u03ae\u03bd\u03b1 \u03c0\u03c1\u03cc\u03c3\u03b8\u03b5\u03c4\u03b5\u03c2 \u03c5\u03c0\u03b7\u03c1\u03b5\u03c3\u03af\u03b5\u03c2&#8221; image_icon_width=&#8221;1000%&#8221; _builder_version=&#8221;4.16&#8243; header_font=&#8221;|600|||||||&#8221; header_text_align=&#8221;center&#8221; z_index=&#8221;0&#8243; box_shadow_style_image=&#8221;preset1&#8243; image_max_width=&#8221;1000%&#8221; global_colors_info=&#8221;{}&#8221; border_radii_image__hover_enabled=&#8221;on|hover&#8221; border_radii_image__hover=&#8221;on||||&#8221; border_style_all_image__hover_enabled=&#8221;on|hover&#8221; transform_styles__hover_enabled=&#8221;on|hover&#8221; transform_scale__hover_enabled=&#8221;on|hover&#8221; transform_translate__hover_enabled=&#8221;on|hover&#8221; transform_rotate__hover_enabled=&#8221;on|hover&#8221; transform_skew__hover_enabled=&#8221;on|hover&#8221; transform_origin__hover_enabled=&#8221;on|hover&#8221;]<\/p>\n<p>Ad\u0103uga\u021bi un sistem de naviga\u021bie GPS la ma\u0219ina dvs. de \u00eenchiriat \u0219i nu v\u0103 pierde\u021bi niciodat\u0103 drumul.<br \/>\nPute\u021bi ad\u0103uga serviciul \u00een timpul rezerv\u0103rii sau la biroul de \u00eenchiriere. <\/p>\n<p style=\"text-align: left\"><a href=\"https:\/\/rentour.gr\/ro\/\u03c0\u03c1\u03cc\u03c3\u03b8\u03b5\u03c4\u03b1-\u03ba\u03b1\u03b9-\u03b1\u03c3\u03c6\u03ac\u03bb\u03b5\u03b9\u03b5\u03c2\/\">Vezi mai mult  <\/a><\/p>\n<p>[\/et_pb_blurb][\/et_pb_column][et_pb_column type=&#8221;1_3&#8243; _builder_version=&#8221;4.16&#8243; global_colors_info=&#8221;{}&#8221;][et_pb_blurb title=&#8221;\u0392\u03c1\u03b5\u03c6\u03b9\u03ba\u03ac \u03ba\u03b1\u03b9 \u03c0\u03b1\u03b9\u03b4\u03b9\u03ba\u03ac \u03ba\u03b1\u03b8\u03af\u03c3\u03bc\u03b1\u03c4\u03b1&#8221; image=&#8221;https:\/\/rentour.gr\/wp-content\/uploads\/2019\/12\/baby.seat_.jpg&#8221; alt=&#8221;\u0395\u03bd\u03bf\u03b9\u03ba\u03af\u03b1\u03c3\u03b7 \u03b1\u03c5\u03c4\u03bf\u03ba\u03b9\u03bd\u03ae\u03c4\u03bf\u03c5 \u0391\u03b8\u03ae\u03bd\u03b1 \u03c0\u03b1\u03b9\u03b4\u03b9\u03ba\u03cc \u03ba\u03ac\u03b8\u03b9\u03c3\u03bc\u03b1&#8221; image_icon_width=&#8221;1000%&#8221; _builder_version=&#8221;4.16&#8243; header_font=&#8221;|600|||||||&#8221; header_text_align=&#8221;center&#8221; image_max_width=&#8221;1000%&#8221; global_colors_info=&#8221;{}&#8221;]<\/p>\n<p>C\u0103l\u0103tore\u0219ti cu familia?<br \/>\nRezerv\u0103 unul dintre scaunele certificate pentru copii pentru copii cu greutatea de p\u00e2n\u0103 la 36 kg \u0219i au o c\u0103l\u0103torie sigur\u0103 \u0219i confortabil\u0103. <\/p>\n<p><a href=\"https:\/\/rentour.gr\/ro\/\u03c0\u03c1\u03cc\u03c3\u03b8\u03b5\u03c4\u03b1-\u03ba\u03b1\u03b9-\u03b1\u03c3\u03c6\u03ac\u03bb\u03b5\u03b9\u03b5\u03c2\/\">Vezi mai mult<\/a><\/p>\n<p>[\/et_pb_blurb][\/et_pb_column][et_pb_column type=&#8221;1_3&#8243; _builder_version=&#8221;4.16&#8243; global_colors_info=&#8221;{}&#8221;][et_pb_blurb title=&#8221;\u0391\u03bb\u03c5\u03c3\u03af\u03b4\u03b5\u03c2 \u03c7\u03b9\u03bf\u03bd\u03b9\u03bf\u03cd&#8221; image=&#8221;https:\/\/rentour.gr\/wp-content\/uploads\/2019\/12\/snow.jpg&#8221; alt=&#8221;\u0395\u03bd\u03bf\u03b9\u03ba\u03af\u03b1\u03c3\u03b7 \u03b1\u03c5\u03c4\u03bf\u03ba\u03b9\u03bd\u03ae\u03c4\u03bf\u03c5 \u0391\u03b8\u03ae\u03bd\u03b1 \u03b1\u03bb\u03c5\u03c3\u03af\u03b4\u03b5\u03c2 \u03c7\u03b9\u03bf\u03bd\u03b9\u03bf\u03cd&#8221; image_icon_width=&#8221;1000%&#8221; _builder_version=&#8221;4.16&#8243; header_font=&#8221;|600|||||||&#8221; header_text_align=&#8221;center&#8221; image_max_width=&#8221;1000%&#8221; global_colors_info=&#8221;{}&#8221;]<\/p>\n<p style=\"text-align: justify\">Pentru vacan\u021ba de iarn\u0103 ad\u0103uga\u021bi o pereche de lan\u021buri de z\u0103pad\u0103 la \u00eenchiriere \u0219i fi\u021bi preg\u0103ti\u021bi pentru condi\u021bii meteorologice nea\u0219teptate.<br \/>\nExplora\u021bi Grecia \u00een siguran\u021b\u0103. <\/p>\n<p><a href=\"https:\/\/rentour.gr\/ro\/\u03c0\u03c1\u03cc\u03c3\u03b8\u03b5\u03c4\u03b1-\u03ba\u03b1\u03b9-\u03b1\u03c3\u03c6\u03ac\u03bb\u03b5\u03b9\u03b5\u03c2\/\">Vezi mai mult<\/a><\/p>\n<p>[\/et_pb_blurb][\/et_pb_column][\/et_pb_row][et_pb_row _builder_version=&#8221;4.16&#8243; global_colors_info=&#8221;{}&#8221;][et_pb_column type=&#8221;4_4&#8243; _builder_version=&#8221;4.16&#8243; global_colors_info=&#8221;{}&#8221;][et_pb_text _builder_version=&#8221;4.16&#8243; text_font=&#8221;|600|||||||&#8221; text_font_size=&#8221;19px&#8221; text_orientation=&#8221;center&#8221; custom_margin_tablet=&#8221;&#8221; custom_margin_phone=&#8221;0px||30px||false|false&#8221; custom_margin_last_edited=&#8221;on|phone&#8221; global_colors_info=&#8221;{}&#8221;]<\/p>\n<p><a href=\"https:\/\/rentour.gr\/ro\/\u03c0\u03c1\u03cc\u03c3\u03b8\u03b5\u03c4\u03b1-\u03ba\u03b1\u03b9-\u03b1\u03c3\u03c6\u03ac\u03bb\u03b5\u03b9\u03b5\u03c2\/\">Vede\u021bi toate serviciile \u0219i acoperirile suplimentare  <\/a><\/p>\n<p>[\/et_pb_text][\/et_pb_column][\/et_pb_row][\/et_pb_section][et_pb_section fb_built=&#8221;1&#8243; _builder_version=&#8221;4.16&#8243; background_enable_color=&#8221;off&#8221; custom_padding=&#8221;||||false|false&#8221; global_colors_info=&#8221;{}&#8221;][et_pb_row column_structure=&#8221;1_2,1_2&#8243; _builder_version=&#8221;4.16&#8243; width=&#8221;93%&#8221; max_width=&#8221;3000px&#8221; module_alignment=&#8221;center&#8221; custom_margin_tablet=&#8221;&#8221; custom_margin_phone=&#8221;25px||||false|false&#8221; custom_margin_last_edited=&#8221;on|desktop&#8221; box_shadow_style=&#8221;preset1&#8243; box_shadow_horizontal_tablet=&#8221;&#8221; box_shadow_horizontal_phone=&#8221;0px&#8221; box_shadow_horizontal_last_edited=&#8221;on|phone&#8221; box_shadow_vertical_tablet=&#8221;&#8221; box_shadow_vertical_phone=&#8221;&#8221; box_shadow_vertical_last_edited=&#8221;on|desktop&#8221; box_shadow_blur_tablet=&#8221;&#8221; box_shadow_blur_phone=&#8221;&#8221; box_shadow_blur_last_edited=&#8221;on|desktop&#8221; box_shadow_spread_tablet=&#8221;&#8221; box_shadow_spread_phone=&#8221;-80px&#8221; box_shadow_spread_last_edited=&#8221;on|phone&#8221; global_colors_info=&#8221;{}&#8221;][et_pb_column type=&#8221;1_2&#8243; _builder_version=&#8221;4.16&#8243; global_colors_info=&#8221;{}&#8221;][et_pb_image src=&#8221;https:\/\/rentour.gr\/wp-content\/uploads\/2019\/12\/car-rental-5-cars.jpg&#8221; alt=&#8221;\u0395\u03bd\u03bf\u03b9\u03ba\u03b9\u03ac\u03c3\u03b5\u03b9\u03c2 \u03b1\u03c5\u03c4\u03bf\u03ba\u03b9\u03bd\u03ae\u03c4\u03c9\u03bd \u0391\u03b8\u03ae\u03bd\u03b1 Rentour&#8221; align=&#8221;center&#8221; _builder_version=&#8221;4.16&#8243; custom_margin=&#8221;-33px|||||&#8221; custom_padding=&#8221;7px|||||&#8221; global_colors_info=&#8221;{}&#8221;][\/et_pb_image][\/et_pb_column][et_pb_column type=&#8221;1_2&#8243; _builder_version=&#8221;4.16&#8243; global_colors_info=&#8221;{}&#8221;][et_pb_text _builder_version=&#8221;4.16&#8243; header_2_font_size=&#8221;32px&#8221; text_orientation=&#8221;center&#8221; global_colors_info=&#8221;{}&#8221;]<\/p>\n<h2>\u00cenchiriaz\u0103 o ma\u0219in\u0103 \u00een Atena de la Rentour<\/h2>\n<p>[\/et_pb_text][et_pb_text _builder_version=&#8221;4.16&#8243; text_text_color=&#8221;#000000&#8243; text_font_size=&#8221;15px&#8221; max_width_tablet=&#8221;90%&#8221; max_width_phone=&#8221;&#8221; max_width_last_edited=&#8221;on|tablet&#8221; module_alignment_tablet=&#8221;center&#8221; module_alignment_phone=&#8221;&#8221; module_alignment_last_edited=&#8221;on|phone&#8221; global_colors_info=&#8221;{}&#8221;]<\/p>\n<p>Rentour este o companie de \u00eenchiriere de ma\u0219ini cu cre\u0219tere rapid\u0103, situat\u0103 \u00een Atena. Pre\u021burile competitive, precum \u0219i serviciile excelente pentru clien\u021bi au f\u0103cut din compania noastr\u0103 un reper \u00een \u00eenchirieri auto \u00een Atena.<br \/>\nAi \u00eencredere \u00een noi \u0219i <a href=\"https:\/\/rentour.gr\/ro\/fleet\/\">alege din<\/a>o gam\u0103 larg\u0103 de ma\u0219ini noi \u0219i moderne. \u00cenchirierea unei ma\u0219ini este mai u\u0219or ca niciodat\u0103. <strong>F\u0103r\u0103 card de credit, f\u0103r\u0103 stres, f\u0103r\u0103 comisioane ascunse<\/strong><a href=\"https:\/\/rentour.gr\/ro\/\u03b5\u03c0\u03b9\u03ba\u03bf\u03b9\u03bd\u03c9\u03bd\u03b9\u03b1\/\">.Contacta\u0163i-ne<\/a> sau g\u0103se\u0219te o ma\u0219in\u0103 de la <a href=\"https:\/\/rentour.gr\/ro\/reservations\/\">sistem de rezervare online<\/a> S.U.A.  <\/p>\n<p>[\/et_pb_text][\/et_pb_column][\/et_pb_row][\/et_pb_section][et_pb_section fb_built=&#8221;1&#8243; _builder_version=&#8221;4.16&#8243; background_enable_color=&#8221;off&#8221; global_colors_info=&#8221;{}&#8221;][et_pb_row _builder_version=&#8221;4.16&#8243; background_color=&#8221;rgba(0,0,0,0.83)&#8221; width=&#8221;100%&#8221; max_width=&#8221;100%&#8221; global_colors_info=&#8221;{}&#8221;][et_pb_column type=&#8221;4_4&#8243; _builder_version=&#8221;4.16&#8243; global_colors_info=&#8221;{}&#8221;][et_pb_text _builder_version=&#8221;4.16&#8243; header_text_color=&#8221;#ffffff&#8221; header_2_font=&#8221;|600|||||||&#8221; header_2_text_color=&#8221;#ffffff&#8221; header_2_font_size=&#8221;36px&#8221; global_colors_info=&#8221;{}&#8221;]<\/p>\n<h2 style=\"text-align: center\">promo\u021bii<\/h2>\n<p>[\/et_pb_text][\/et_pb_column][\/et_pb_row][et_pb_row column_structure=&#8221;1_2,1_2&#8243; use_custom_gutter=&#8221;on&#8221; gutter_width=&#8221;1&#8243; _builder_version=&#8221;4.16&#8243; background_color=&#8221;#b2b2b2&#8243; width=&#8221;100%&#8221; max_width=&#8221;100%&#8221; border_width_bottom=&#8221;2px&#8221; border_color_bottom=&#8221;#e02b20&#8243; border_width_bottom_tablet=&#8221;&#8221; border_width_bottom_phone=&#8221;&#8221; border_width_bottom_last_edited=&#8221;on|phone&#8221; global_colors_info=&#8221;{}&#8221;][et_pb_column type=&#8221;1_2&#8243; _builder_version=&#8221;4.16&#8243; background_enable_color=&#8221;off&#8221; custom_padding=&#8221;||||false|false&#8221; custom_padding_tablet=&#8221;&#8221; custom_padding_phone=&#8221;&#8221; custom_padding_last_edited=&#8221;on|desktop&#8221; global_colors_info=&#8221;{}&#8221;][et_pb_text _builder_version=&#8221;4.16&#8243; text_font=&#8221;||||||||&#8221; text_text_color=&#8221;#000000&#8243; text_font_size=&#8221;16px&#8221; header_text_align=&#8221;left&#8221; header_text_color=&#8221;#ffffff&#8221; header_4_font=&#8221;|700|||||||&#8221; header_4_text_color=&#8221;#000000&#8243; header_4_font_size=&#8221;24px&#8221; text_orientation=&#8221;center&#8221; width=&#8221;74%&#8221; width_tablet=&#8221;&#8221; width_phone=&#8221;87%&#8221; width_last_edited=&#8221;on|tablet&#8221; module_alignment=&#8221;center&#8221; custom_margin=&#8221;5%||||false|false&#8221; custom_margin_tablet=&#8221;||27px||false|false&#8221; custom_margin_phone=&#8221;0px|0px|20px||false|false&#8221; custom_margin_last_edited=&#8221;on|phone&#8221; custom_padding=&#8221;0px|0px||70px|false|false&#8221; custom_padding_tablet=&#8221;&#8221; custom_padding_phone=&#8221;0px|0px||0px|false|false&#8221; custom_padding_last_edited=&#8221;on|phone&#8221; global_colors_info=&#8221;{}&#8221;]<\/p>\n<h4>Oferte \u0219i reduceri pentru \u00eenchirierea ma\u0219inii tale  <\/h4>\n<p>G\u0103si\u021bi cele mai mari oferte \u0219i reduceri pentru \u00eenchirieri auto Atena Oferte pentru \u00eenchirieri lunare \u0219i pe termen lung, reduceri speciale \u00een sezonul sc\u0103zut \u0219i pre\u021buri exclusive pentru profesioni\u0219ti \u0219i companii.  <\/p>\n<p>[\/et_pb_text][\/et_pb_column][et_pb_column type=&#8221;1_2&#8243; _builder_version=&#8221;4.16&#8243; background_enable_image=&#8221;off&#8221; global_colors_info=&#8221;{}&#8221;][et_pb_cta title=&#8221;\u03a0\u03c1\u03bf\u03c3\u03c6\u03bf\u03c1\u03ad\u03c2 \u03b3\u03b9\u03b1 \u03b5\u03bd\u03bf\u03b9\u03ba\u03af\u03b1\u03c3\u03b7 \u03b1\u03c5\u03c4\u03bf\u03ba\u03b9\u03bd\u03ae\u03c4\u03bf\u03c5 \u03c3\u03c4\u03b7\u03bd \u0391\u03b8\u03ae\u03bd\u03b1&#8221; button_url=&#8221;@ET-DC@eyJkeW5hbWljIjp0cnVlLCJjb250ZW50IjoicG9zdF9saW5rX3VybF9wb3N0Iiwic2V0dGluZ3MiOnsicG9zdF9pZCI6IjE0MCJ9fQ==@&#8221; button_text=&#8221;\u0394\u03b5\u03af\u03c4\u03b5 \u03c4\u03b9\u03c2 \u03c0\u03c1\u03bf\u03c3\u03c6\u03bf\u03c1\u03ad\u03c2&#8221; _builder_version=&#8221;4.16&#8243; _dynamic_attributes=&#8221;button_url&#8221; background_color=&#8221;#0c71c3&#8243; width=&#8221;70%&#8221; width_tablet=&#8221;&#8221; width_phone=&#8221;80%&#8221; width_last_edited=&#8221;on|phone&#8221; box_shadow_style=&#8221;preset1&#8243; global_colors_info=&#8221;{}&#8221;]<\/p>\n<p>R\u0103m\u00e2ne\u021bi la curent cu ofertele \u0219i reducerile de \u00eenchiriere de ma\u0219ini. Contacta\u021bi-ne pentru o cota\u021bie<\/p>\n<p>[\/et_pb_cta][\/et_pb_column][\/et_pb_row][\/et_pb_section][et_pb_section fb_built=&#8221;1&#8243; _builder_version=&#8221;4.16&#8243; width=&#8221;100%&#8221; width_tablet=&#8221;100%&#8221; width_phone=&#8221;&#8221; width_last_edited=&#8221;on|tablet&#8221; max_width=&#8221;100%&#8221; max_width_tablet=&#8221;&#8221; max_width_phone=&#8221;&#8221; max_width_last_edited=&#8221;on|tablet&#8221; custom_margin=&#8221;-5px||||false|false&#8221; custom_margin_tablet=&#8221;|-10px||-10px|false|false&#8221; custom_margin_phone=&#8221;50px||||false|false&#8221; custom_margin_last_edited=&#8221;on|tablet&#8221; custom_padding=&#8221;0px|0px|0px|0px|false|false&#8221; global_colors_info=&#8221;{}&#8221;][et_pb_row column_structure=&#8221;1_2,1_2&#8243; _builder_version=&#8221;4.16&#8243; width=&#8221;65%&#8221; width_tablet=&#8221;100%&#8221; width_phone=&#8221;80%&#8221; width_last_edited=&#8221;on|desktop&#8221; max_width=&#8221;100%&#8221; custom_margin=&#8221;-40px||||false|false&#8221; custom_margin_tablet=&#8221;&#8221; custom_margin_phone=&#8221;&#8221; custom_margin_last_edited=&#8221;on|desktop&#8221; custom_padding=&#8221;1px||||false|false&#8221; global_colors_info=&#8221;{}&#8221;][et_pb_column type=&#8221;1_2&#8243; _builder_version=&#8221;4.16&#8243; global_colors_info=&#8221;{}&#8221;][et_pb_slider show_content_on_mobile=&#8221;off&#8221; show_image_video_mobile=&#8221;on&#8221; use_bg_overlay=&#8221;off&#8221; use_text_overlay=&#8221;off&#8221; arrows_custom_color=&#8221;#e02b20&#8243; dot_nav_custom_color=&#8221;#e02b20&#8243; _builder_version=&#8221;4.16&#8243; background_color=&#8221;#ffffff&#8221; button_alignment=&#8221;center&#8221; custom_margin=&#8221;-14px||||false|false&#8221; custom_margin_tablet=&#8221;&#8221; custom_margin_phone=&#8221;-10px||||false|false&#8221; custom_margin_last_edited=&#8221;on|desktop&#8221; global_colors_info=&#8221;{}&#8221;][et_pb_slide heading=&#8221;\u039f\u03bc\u03ac\u03b4\u03b1 \u0392 \/ \u03bc\u03b9\u03ba\u03c1\u03ac \u03b1\u03c5\u03c4\u03bf\u03ba\u03af\u03bd\u03b7\u03c4\u03b1&#8221; button_text=&#8221;\u039a\u03c1\u03ac\u03c4\u03b7\u03c3\u03b7&#8221; button_link=&#8221;https:\/\/rentour.gr\/fleet\/?mid=1&#8243; image=&#8221;https:\/\/rentour.gr\/wp-content\/uploads\/2019\/11\/15433_gwy_r.jpg&#8221; image_alt=&#8221;\u0395\u03bd\u03bf\u03b9\u03ba\u03af\u03b1\u03c3\u03b7 \u03b1\u03c5\u03c4\u03bf\u03ba\u03b9\u03bd\u03ae\u03c4\u03bf\u03c5 \u0391\u03b8\u03ae\u03bd\u03b1 fiat panda&#8221; _builder_version=&#8221;4.16&#8243; header_level=&#8221;h3&#8243; header_text_align=&#8221;left&#8221; header_text_color=&#8221;#000000&#8243; header_font_size=&#8221;23px&#8221; body_text_align=&#8221;left&#8221; body_text_color=&#8221;#000000&#8243; custom_button=&#8221;on&#8221; button_text_color=&#8221;#e02b20&#8243; custom_padding=&#8221;0px||||false|false&#8221; global_colors_info=&#8221;{}&#8221; sticky_transition=&#8221;on&#8221;]<\/p>\n<ul>\n<li>Combustibil pe benzin\u0103<\/li>\n<li>4 oameni  <\/li>\n<li>2 valize<\/li>\n<li>Flexibil \u0219i confortabil<\/li>\n<\/ul>\n<p>[\/et_pb_slide][et_pb_slide heading=&#8221;\u039f\u03bc\u03ac\u03b4\u03b1 C \/ \u03bc\u03b5\u03c3\u03b1\u03af\u03bf \u03b1\u03c5\u03c4\u03bf\u03ba\u03af\u03bd\u03b7\u03c4\u03bf&#8221; button_text=&#8221;\u039a\u03c1\u03ac\u03c4\u03b7\u03c3\u03b7&#8221; button_link=&#8221;https:\/\/rentour.gr\/fleet\/?mid=3&#8243; image=&#8221;https:\/\/rentour.gr\/wp-content\/uploads\/2020\/01\/citroen.c3.diesel2.jpg&#8221; image_alt=&#8221;\u0395\u03bd\u03bf\u03b9\u03ba\u03af\u03b1\u03c3\u03b7 \u03b1\u03c5\u03c4\u03bf\u03ba\u03b9\u03bd\u03ae\u03c4\u03bf\u03c5 \u0391\u03b8\u03ae\u03bd\u03b1 Citroen&#8221; _builder_version=&#8221;4.16&#8243; header_level=&#8221;h3&#8243; header_text_align=&#8221;left&#8221; header_text_color=&#8221;#000000&#8243; header_font_size=&#8221;23px&#8221; body_text_align=&#8221;left&#8221; body_text_color=&#8221;#000000&#8243; custom_button=&#8221;on&#8221; button_text_color=&#8221;#e02b20&#8243; custom_padding=&#8221;0px||||false|false&#8221; global_colors_info=&#8221;{}&#8221; sticky_transition=&#8221;on&#8221;]<\/p>\n<ul>\n<li>Combustibil diesel<\/li>\n<li>5 oameni<\/li>\n<li>4 valize<\/li>\n<li>Economic si confortabil<\/li>\n<\/ul>\n<p>[\/et_pb_slide][et_pb_slide heading=&#8221;\u039f\u03bc\u03ac\u03b4\u03b1 C+ \/ \u039c\u03b5\u03c3\u03b1\u03af\u03bf \u03b1\u03c5\u03c4\u03bf\u03ba\u03af\u03bd\u03b7\u03c4\u03bf&#8221; button_text=&#8221;\u039a\u03c1\u03ac\u03c4\u03b7\u03c3\u03b7&#8221; button_link=&#8221;https:\/\/rentour.gr\/fleet\/?mid=2&#8243; image=&#8221;https:\/\/rentour.gr\/wp-content\/uploads\/2019\/11\/2.peugeot.208.diesel.2018.jpg&#8221; image_alt=&#8221;\u0395\u03bd\u03bf\u03b9\u03ba\u03af\u03b1\u03c3\u03b7 \u03b1\u03c5\u03c4\u03bf\u03ba\u03b9\u03bd\u03ae\u03c4\u03bf\u03c5 \u0391\u03b8\u03ae\u03bd\u03b1 Peugeot&#8221; _builder_version=&#8221;4.16&#8243; header_level=&#8221;h3&#8243; header_text_align=&#8221;left&#8221; header_text_color=&#8221;#000000&#8243; header_font_size=&#8221;23px&#8221; body_text_align=&#8221;left&#8221; body_text_color=&#8221;#000000&#8243; custom_button=&#8221;on&#8221; button_text_color=&#8221;#e02b20&#8243; custom_padding=&#8221;6px||||false|false&#8221; global_colors_info=&#8221;{}&#8221; sticky_transition=&#8221;on&#8221;]<\/p>\n<ul>\n<li>Combustibil diesel<\/li>\n<li>5 oameni<\/li>\n<li>4 valize<\/li>\n<li>Economic si confortabil<\/li>\n<li>Echipament adi\u021bional<\/li>\n<\/ul>\n<p>[\/et_pb_slide][et_pb_slide heading=&#8221;\u039f\u03bc\u03ac\u03b4\u03b1 D \/ \u039f\u03b9\u03ba\u03bf\u03b3\u03b5\u03bd\u03b5\u03b9\u03b1\u03ba\u03cc \u03b1\u03c5\u03c4\u03bf\u03ba\u03af\u03bd\u03b7\u03c4\u03bf&#8221; button_text=&#8221;\u039a\u03c1\u03ac\u03c4\u03b7\u03c3\u03b7&#8221; button_link=&#8221;https:\/\/rentour.gr\/fleet\/?mid=7&#8243; image=&#8221;https:\/\/rentour.gr\/wp-content\/uploads\/2019\/11\/fiat.tipo_.sedan_.diesel2.jpg&#8221; image_alt=&#8221;\u0395\u03bd\u03bf\u03b9\u03ba\u03b9\u03ac\u03c3\u03b5\u03b9\u03c2 \u03b1\u03c5\u03c4\u03bf\u03ba\u03b9\u03bd\u03ae\u03c4\u03c9\u03bd \u0391\u03b8\u03ae\u03bd\u03b1 Fiat tipo&#8221; _builder_version=&#8221;4.16&#8243; header_level=&#8221;h3&#8243; header_text_align=&#8221;left&#8221; header_text_color=&#8221;#000000&#8243; header_font_size=&#8221;23px&#8221; body_text_align=&#8221;left&#8221; body_text_color=&#8221;#000000&#8243; custom_button=&#8221;on&#8221; button_text_color=&#8221;#e02b20&#8243; custom_padding=&#8221;6px||||false|false&#8221; global_colors_info=&#8221;{}&#8221; sticky_transition=&#8221;on&#8221;]<\/p>\n<ul>\n<li>Combustibil diesel<\/li>\n<li>5 oameni<\/li>\n<li>5 valize \u2013 portbagaj mare<\/li>\n<li>Sigur \u0219i confortabil<\/li>\n<\/ul>\n<p>[\/et_pb_slide][et_pb_slide heading=&#8221;\u039f\u03bc\u03ac\u03b4\u03b1 \u03a5D \/ Minivan 7 \u03b8\u03ad\u03c3\u03b5\u03c9\u03bd diesel&#8221; button_text=&#8221;\u039a\u03c1\u03ac\u03c4\u03b7\u03c3\u03b7&#8221; button_link=&#8221;https:\/\/rentour.gr\/fleet\/?mid=4&#8243; image=&#8221;https:\/\/rentour.gr\/wp-content\/uploads\/2019\/11\/nissan-evalia-nv200.jpg&#8221; image_alt=&#8221;\u0395\u03bd\u03bf\u03b9\u03ba\u03af\u03b1\u03c3\u03b7 \u03b1\u03c5\u03c4\u03bf\u03ba\u03b9\u03bd\u03ae\u03c4\u03bf\u03c5 \u0391\u03b8\u03ae\u03bd\u03b1 Nissan evalia&#8221; _builder_version=&#8221;4.16&#8243; header_level=&#8221;h3&#8243; header_text_align=&#8221;left&#8221; header_text_color=&#8221;#000000&#8243; header_font_size=&#8221;23px&#8221; body_text_align=&#8221;left&#8221; body_text_color=&#8221;#000000&#8243; custom_button=&#8221;on&#8221; button_text_color=&#8221;#e02b20&#8243; custom_padding=&#8221;6px||||false|false&#8221; global_colors_info=&#8221;{}&#8221; sticky_transition=&#8221;on&#8221;]<\/p>\n<ul>\n<li>Combustibil diesel<\/li>\n<li>7 persoane<\/li>\n<li>6 valize  <\/li>\n<li>Economic \u0219i de \u00eencredere<\/li>\n<\/ul>\n<p>[\/et_pb_slide][et_pb_slide heading=&#8221;\u039f\u03bc\u03ac\u03b4\u03b1 \u03a5 \/ Minivan 7 \u03b8\u03ad\u03c3\u03b5\u03c9\u03bd  &#8221; button_text=&#8221;\u039a\u03c1\u03ac\u03c4\u03b7\u03c3\u03b7&#8221; button_link=&#8221;https:\/\/rentour.gr\/fleet\/?mid=5&#8243; image=&#8221;https:\/\/rentour.gr\/wp-content\/uploads\/2019\/11\/opel.combo_3.jpg&#8221; image_alt=&#8221;\u0395\u03bd\u03bf\u03b9\u03ba\u03b9\u03ac\u03c3\u03b5\u03b9\u03c2 \u03b1\u03c5\u03c4\u03bf\u03ba\u03b9\u03bd\u03ae\u03c4\u03c9\u03bd \u0391\u03b8\u03ae\u03bd\u03b1 Opel combo&#8221; _builder_version=&#8221;4.16&#8243; header_level=&#8221;h3&#8243; header_text_align=&#8221;left&#8221; header_text_color=&#8221;#000000&#8243; header_font_size=&#8221;23px&#8221; body_text_align=&#8221;left&#8221; body_text_color=&#8221;#000000&#8243; custom_button=&#8221;on&#8221; button_text_color=&#8221;#e02b20&#8243; custom_padding=&#8221;6px||||false|false&#8221; global_colors_info=&#8221;{}&#8221; sticky_transition=&#8221;on&#8221;]<\/p>\n<ul>\n<li>Combustibil pe benzin\u0103<\/li>\n<li>7 persoane<\/li>\n<li>6 valize<\/li>\n<li>Economic \u0219i de \u00eencredere<\/li>\n<\/ul>\n<p>[\/et_pb_slide][et_pb_slide heading=&#8221;\u039f\u03bc\u03ac\u03b4\u03b1 \u03a5 \/ Minivan 7 \u03b8\u03ad\u03c3\u03b5\u03c9\u03bd  &#8221; button_text=&#8221;\u039a\u03c1\u03ac\u03c4\u03b7\u03c3\u03b7&#8221; button_link=&#8221;https:\/\/rentour.gr\/fleet\/?mid=5&#8243; image=&#8221;https:\/\/rentour.gr\/wp-content\/uploads\/2019\/11\/opelvivarodiesel.jpg&#8221; image_alt=&#8221;\u0395\u03bd\u03bf\u03b9\u03ba\u03af\u03b1\u03c3\u03b7 \u03b1\u03c5\u03c4\u03bf\u03ba\u03b9\u03bd\u03ae\u03c4\u03bf\u03c5 \u0391\u03b8\u03ae\u03bd\u03b1 Opel Vivaro  &#8221; _builder_version=&#8221;4.16&#8243; header_level=&#8221;h3&#8243; header_text_align=&#8221;left&#8221; header_text_color=&#8221;#000000&#8243; header_font_size=&#8221;23px&#8221; body_text_align=&#8221;left&#8221; body_text_color=&#8221;#000000&#8243; custom_button=&#8221;on&#8221; button_text_color=&#8221;#e02b20&#8243; custom_padding=&#8221;6px||||false|false&#8221; global_colors_info=&#8221;{}&#8221; sticky_transition=&#8221;on&#8221;]<\/p>\n<ul>\n<li>Combustibil diesel<\/li>\n<li>9 persoane<\/li>\n<li>9 valize<\/li>\n<li>Fiabil \u0219i spa\u021bios  <\/li>\n<\/ul>\n<p>[\/et_pb_slide][\/et_pb_slider][\/et_pb_column][et_pb_column type=&#8221;1_2&#8243; _builder_version=&#8221;4.16&#8243; custom_padding_tablet=&#8221;|||6%|false|false&#8221; custom_padding_phone=&#8221;|||0%|false|false&#8221; custom_padding_last_edited=&#8221;on|tablet&#8221; global_colors_info=&#8221;{}&#8221;][et_pb_text _builder_version=&#8221;4.16&#8243; text_font=&#8221;||||||||&#8221; text_text_color=&#8221;#000000&#8243; text_font_size=&#8221;15px&#8221; header_4_font=&#8221;|600|||||||&#8221; header_4_text_align=&#8221;center&#8221; header_4_text_color=&#8221;#000000&#8243; header_4_font_size=&#8221;27px&#8221; header_4_line_height=&#8221;2.3em&#8221; custom_margin=&#8221;130px||||false|false&#8221; custom_margin_tablet=&#8221;0px||||false|false&#8221; custom_margin_phone=&#8221;0px||||false|false&#8221; custom_margin_last_edited=&#8221;on|desktop&#8221; header_4_line_height_tablet=&#8221;&#8221; header_4_line_height_phone=&#8221;1.2em&#8221; header_4_line_height_last_edited=&#8221;on|tablet&#8221; global_colors_info=&#8221;{}&#8221;]<\/p>\n<h4>G\u0103si\u021bi ma\u0219ina care v\u0103 place<\/h4>\n<p>Alege dintr-o gam\u0103 larg\u0103 de ma\u0219ini pe cea care \u021bi se potrive\u0219te \u0219i exploreaz\u0103 toate frumuse\u021bile Atenei \u0219i ale Greciei. Mic, mediu, familial, diesel, automat, SUV, monovolum 7 si 9 locuri. Ma\u0219ini noi la cele mai competitive pre\u021buri. C\u00e2nd compara\u021bi pre\u021burile, nu uita\u021bi c\u0103 flota noastr\u0103 este re\u00eennoit\u0103 constant \u0219i este format\u0103 din ma\u0219ini noi \u00een stare excelent\u0103.<\/p>\n<p>  Pre\u021burile noastre includ c\u00e2teva suplimente, cum ar fi CDW \u0219i asisten\u021b\u0103 rutier\u0103 \u00een toat\u0103 \u021bara \u0219i kilometraj nelimitat.  <\/p>\n<p>[\/et_pb_text][\/et_pb_column][\/et_pb_row][\/et_pb_section][et_pb_section fb_built=&#8221;1&#8243; _builder_version=&#8221;4.16&#8243; background_color=&#8221;#f2f2f2&#8243; border_width_top=&#8221;1px&#8221; border_width_bottom=&#8221;1px&#8221; border_color_bottom=&#8221;#e02b20&#8243; global_colors_info=&#8221;{}&#8221;][et_pb_row _builder_version=&#8221;4.16&#8243; width=&#8221;100%&#8221; max_width=&#8221;1247px&#8221; custom_margin=&#8221;|auto|-3px|auto||&#8221; custom_padding=&#8221;50px|0px|51px|||&#8221; box_shadow_style=&#8221;preset1&#8243; box_shadow_horizontal=&#8221;9px&#8221; box_shadow_vertical=&#8221;17px&#8221; box_shadow_blur=&#8221;34px&#8221; box_shadow_spread=&#8221;-4px&#8221; box_shadow_horizontal_tablet=&#8221;&#8221; box_shadow_horizontal_phone=&#8221;&#8221; box_shadow_horizontal_last_edited=&#8221;on|phone&#8221; box_shadow_vertical_tablet=&#8221;&#8221; box_shadow_vertical_phone=&#8221;&#8221; box_shadow_vertical_last_edited=&#8221;on|desktop&#8221; global_colors_info=&#8221;{}&#8221;][et_pb_column type=&#8221;4_4&#8243; _builder_version=&#8221;4.16&#8243; global_colors_info=&#8221;{}&#8221;][et_pb_signup mailchimp_list=&#8221;rentour1|931d042ea1&#8243; first_name_field=&#8221;off&#8221; last_name_field=&#8221;off&#8221; success_message=&#8221;E\u03c0\u03b9\u03c4\u03c5\u03c7\u03ae\u03c2 \u03b5\u03b3\u03b3\u03c1\u03b1\u03c6\u03ae!&#8221; title=&#8221;\u0395\u03b3\u03b3\u03c1\u03b1\u03c6\u03b5\u03af\u03c4\u03b5 \u03c3\u03c4\u03bf Newsletter \u03bc\u03b1\u03c2&#8221; button_text=&#8221;\u0395\u0393\u0393\u03a1\u0391\u03a6\u0397&#8221; description=&#8221;<\/p>\n<p>\u00censcrie-te pentru a fi primul care prime\u0219te \u0219tiri \u0219i oferte pentru \u00eenchirieri auto \u00een Atena<\/p>\n<p>&#8221; email_fullwidth_tablet=&#8221;on&#8221; email_fullwidth_phone=&#8221;&#8221; email_fullwidth_last_edited=&#8221;on|tablet&#8221; description_tablet=&#8221;<\/p>\n<p>\u00censcrie-te pentru a fi primul care prime\u0219te \u0219tiri \u0219i oferte pentru \u00eenchirieri auto \u00een Atena<\/p>\n<p>&#8221; description_phone=&#8221;<\/p>\n<p>\u00censcrie-te pentru a fi primul care prime\u0219te \u0219tiri \u0219i oferte pentru \u00eenchirieri auto \u00een Atena<\/p>\n<p>&#8221; description_last_edited=&#8221;on|desktop&#8221; _builder_version=&#8221;4.16&#8243; form_field_custom_margin_tablet=&#8221;&#8221; form_field_custom_margin_phone=&#8221;&#8221; form_field_custom_margin_last_edited=&#8221;on|tablet&#8221; header_font=&#8221;|600|||||||&#8221; header_font_size=&#8221;28px&#8221; header_line_height=&#8221;1.3em&#8221; body_font_size=&#8221;17px&#8221; form_field_font=&#8221;|600|||||||&#8221; form_field_text_align=&#8221;left&#8221; background_enable_color=&#8221;off&#8221; use_background_color_gradient=&#8221;on&#8221; background_color_gradient_type=&#8221;circular&#8221; background_color_gradient_direction_radial=&#8221;right&#8221; background_color_gradient_stops=&#8221;#3d3d3d 49%|#dd3333 52%&#8221; background_color_gradient_start=&#8221;#3d3d3d&#8221; background_color_gradient_start_position=&#8221;49%&#8221; background_color_gradient_end=&#8221;#dd3333&#8243; background_color_gradient_end_position=&#8221;52%&#8221; custom_button=&#8221;on&#8221; button_text_size=&#8221;17px&#8221; button_text_color=&#8221;#ffffff&#8221; button_bg_color=&#8221;#dd3333&#8243; button_letter_spacing=&#8221;1px&#8221; button_font=&#8221;|600|||||||&#8221; button_use_icon=&#8221;off&#8221; text_orientation=&#8221;center&#8221; width_tablet=&#8221;&#8221; width_phone=&#8221;&#8221; width_last_edited=&#8221;on|tablet&#8221; max_width=&#8221;87%&#8221; max_width_tablet=&#8221;80%&#8221; max_width_phone=&#8221;80%&#8221; max_width_last_edited=&#8221;on|phone&#8221; module_alignment=&#8221;center&#8221; custom_margin_tablet=&#8221;&#8221; custom_margin_phone=&#8221;&#8221; custom_margin_last_edited=&#8221;on|phone&#8221; header_text_align_tablet=&#8221;center&#8221; header_text_align_phone=&#8221;&#8221; header_text_align_last_edited=&#8221;on|tablet&#8221; header_line_height_phone=&#8221;1.4em&#8221; header_line_height_last_edited=&#8221;off|phone&#8221; body_text_align_tablet=&#8221;center&#8221; body_text_align_phone=&#8221;&#8221; body_text_align_last_edited=&#8221;on|tablet&#8221; background_last_edited=&#8221;on|tablet&#8221; background_color_gradient_type_tablet=&#8221;linear&#8221; background_color_gradient_type_phone=&#8221;linear&#8221; background_color_gradient_stops_tablet=&#8221;#3d3d3d 50%|#dd3333 52%&#8221; background_color_gradient_stops_phone=&#8221;#3d3d3d 58%|#dd3333 58%&#8221; background_color_gradient_overlays_image_tablet=&#8221;off&#8221; background_color_gradient_start_position_tablet=&#8221;50%&#8221; background_color_gradient_start_position_phone=&#8221;58%&#8221; background_color_gradient_end_position_tablet=&#8221;52%&#8221; text_orientation_tablet=&#8221;center&#8221; text_orientation_phone=&#8221;center&#8221; text_orientation_last_edited=&#8221;on|desktop&#8221; border_width_all_fields=&#8221;0px&#8221; global_module=&#8221;1256&#8243; saved_tabs=&#8221;all&#8221; global_colors_info=&#8221;{}&#8221;][\/et_pb_signup][\/et_pb_column][\/et_pb_row][\/et_pb_section][et_pb_section fb_built=&#8221;1&#8243; _builder_version=&#8221;4.16&#8243; global_colors_info=&#8221;{}&#8221;][et_pb_row custom_padding_last_edited=&#8221;on|desktop&#8221; _builder_version=&#8221;4.16&#8243; custom_margin=&#8221;||0px||false|false&#8221; custom_padding=&#8221;||0px||false|false&#8221; custom_padding_tablet=&#8221;&#8221; custom_padding_phone=&#8221;&#8221; global_colors_info=&#8221;{}&#8221;][et_pb_column type=&#8221;4_4&#8243; _builder_version=&#8221;4.16&#8243; global_colors_info=&#8221;{}&#8221;][et_pb_divider color=&#8221;#000000&#8243; divider_style=&#8221;dotted&#8221; divider_weight=&#8221;7px&#8221; _builder_version=&#8221;4.16&#8243; width=&#8221;86%&#8221; width_tablet=&#8221;&#8221; width_phone=&#8221;&#8221; width_last_edited=&#8221;on|desktop&#8221; module_alignment=&#8221;center&#8221; custom_margin_tablet=&#8221;&#8221; custom_margin_phone=&#8221;20px||10px||false|false&#8221; custom_margin_last_edited=&#8221;on|phone&#8221; global_colors_info=&#8221;{}&#8221;][\/et_pb_divider][\/et_pb_column][\/et_pb_row][et_pb_row _builder_version=&#8221;4.16&#8243; global_colors_info=&#8221;{}&#8221;][et_pb_column type=&#8221;4_4&#8243; _builder_version=&#8221;4.16&#8243; global_colors_info=&#8221;{}&#8221;][et_pb_text _builder_version=&#8221;4.16&#8243; text_font=&#8221;|600|||||||&#8221; header_2_font=&#8221;|600|||||||&#8221; header_2_text_align=&#8221;center&#8221; header_2_font_size=&#8221;32px&#8221; header_4_font=&#8221;|600|||||||&#8221; header_4_text_align=&#8221;center&#8221; text_orientation=&#8221;center&#8221; width=&#8221;75%&#8221; width_tablet=&#8221;&#8221; width_phone=&#8221;97%&#8221; width_last_edited=&#8221;on|tablet&#8221; module_alignment=&#8221;center&#8221; custom_margin_tablet=&#8221;&#8221; custom_margin_phone=&#8221;||27px||false|false&#8221; custom_margin_last_edited=&#8221;on|phone&#8221; global_colors_info=&#8221;{}&#8221;]<\/p>\n<h2>\u00centreb\u0103ri frecvente<\/h2>\n<h4>Ce ne \u00eentreb\u0103m de obicei?<\/h4>\n<p style=\"text-align: center\">R\u0103spunsuri la \u00eentreb\u0103rile frecvente despre \u00eenchirierea unei ma\u0219ini \u00een Atena. G\u0103si\u021bi toate r\u0103spunsurile \u00eentr-un mod simplu \u0219i u\u0219or de \u00een\u021beles. Dac\u0103 mai ave\u021bi \u00eentreb\u0103ri, v\u0103 rug\u0103m s\u0103 nu ezita\u021bi s\u0103 ne contacta\u021bi.<\/p>\n<p>[\/et_pb_text][\/et_pb_column][\/et_pb_row][et_pb_row column_structure=&#8221;1_2,1_2&#8243; _builder_version=&#8221;4.16&#8243; width_tablet=&#8221;&#8221; width_phone=&#8221;&#8221; width_last_edited=&#8221;on|phone&#8221; max_width=&#8221;2560px&#8221; saved_tabs=&#8221;all&#8221; global_colors_info=&#8221;{}&#8221;][et_pb_column type=&#8221;1_2&#8243; _builder_version=&#8221;4.16&#8243; global_colors_info=&#8221;{}&#8221;][et_pb_toggle title=&#8221;\u039c\u03c0\u03bf\u03c1\u03ce \u03bd\u03b1 \u03bd\u03bf\u03b9\u03ba\u03b9\u03ac\u03c3\u03c9 \u03b1\u03c5\u03c4\u03bf\u03ba\u03af\u03bd\u03b7\u03c4\u03bf \u03c7\u03c9\u03c1\u03af\u03c2 \u03c0\u03b9\u03c3\u03c4\u03c9\u03c4\u03b9\u03ba\u03ae \u03ba\u03ac\u03c1\u03c4\u03b1;&#8221; open_toggle_text_color=&#8221;#e02b20&#8243; icon_color=&#8221;#e02b20&#8243; use_icon_font_size=&#8221;on&#8221; icon_font_size=&#8221;23px&#8221; open_icon_color=&#8221;#e02b20&#8243; open_use_icon_font_size=&#8221;on&#8221; open_icon_font_size=&#8221;23px&#8221; _builder_version=&#8221;4.16&#8243; title_text_color=&#8221;#000000&#8243; title_font_size=&#8221;19px&#8221; text_orientation=&#8221;left&#8221; custom_margin=&#8221;-22px|||||&#8221; global_colors_info=&#8221;{}&#8221; title_text_color__hover_enabled=&#8221;on|hover&#8221; title_text_color__hover=&#8221;#e02b20&#8243;]<\/p>\n<p>Da, desigur, este posibil s\u0103 \u00eenchiria\u021bi o ma\u0219in\u0103 \u00een Atena f\u0103r\u0103 un card de credit sau de debit. Pute\u021bi pl\u0103ti \u00eenchirierea ma\u0219inii, precum \u0219i depozitul de garan\u021bie \u00een numerar.  <\/p>\n<p>[\/et_pb_toggle][et_pb_toggle title=&#8221;\u0391\u03c0\u03cc \u03c0\u03bf\u03cd \u03bc\u03c0\u03bf\u03c1\u03ce \u03bd\u03b1 \u03c0\u03b1\u03c1\u03b1\u03bb\u03ac\u03b2\u03c9 &#8211; \u03b1\u03c6\u03ae\u03c3\u03c9 \u03c4\u03bf \u03b1\u03c5\u03c4\u03bf\u03ba\u03af\u03bd\u03b7\u03c4\u03bf;&#8221; open_toggle_text_color=&#8221;#e02b20&#8243; icon_color=&#8221;#e02b20&#8243; use_icon_font_size=&#8221;on&#8221; icon_font_size=&#8221;23px&#8221; open_icon_color=&#8221;#e02b20&#8243; open_use_icon_font_size=&#8221;on&#8221; open_icon_font_size=&#8221;23px&#8221; _builder_version=&#8221;4.16&#8243; title_text_color=&#8221;#000000&#8243; title_font_size=&#8221;19px&#8221; text_orientation=&#8221;left&#8221; custom_margin=&#8221;-22px|||||&#8221; global_colors_info=&#8221;{}&#8221; title_text_color__hover_enabled=&#8221;on|hover&#8221; title_text_color__hover=&#8221;#e02b20&#8243;]<\/p>\n<p>Masina se poate ridica de la<a href=\"https:\/\/rentour.gr\/ro\/project\/\u03b4\u03b9\u03b5\u03b8\u03bd\u03b5\u03c2-\u03b1\u03b5\u03c1\u03bf\u03b4\u03c1\u03bf\u03bc\u03b9\u03bf-\u03b1\u03b8\u03b7\u03bd\u03ce\u03bd-\u03b5\u03bb-\u03b2\u03b5\u03bd\u03b9\u03b6\u03ad\u03bb\/\">  aeroportul El. El. Venizelos<\/a>  de la biroul nostru la <a href=\"https:\/\/rentour.gr\/ro\/\u03b5\u03c0\u03b9\u03ba\u03bf\u03b9\u03bd\u03c9\u03bd\u03b9\u03b1\/\">centrul Atenei<\/a> sau din diverse destina\u021bii, cum ar fi hotelul dvs. sau alte puncte de interes. Solicita\u021bi-ne detalii \u0219i taxe.<\/p>\n<p>[\/et_pb_toggle][et_pb_toggle title=&#8221;\u03a0\u03bf\u03b9\u03b1 \u03b5\u03af\u03bd\u03b1\u03b9 \u03b7 \u03b5\u03bb\u03ac\u03c7\u03b9\u03c3\u03c4\u03b7 \u03b7\u03bb\u03b9\u03ba\u03af\u03b1 \u03b3\u03b9\u03b1 \u03c4\u03b7\u03bd \u03b5\u03bd\u03bf\u03b9\u03ba\u03af\u03b1\u03c3\u03b7 \u03b1\u03c5\u03c4\u03bf\u03ba\u03b9\u03bd\u03ae\u03c4\u03bf\u03c5;&#8221; open_toggle_text_color=&#8221;#e02b20&#8243; icon_color=&#8221;#e02b20&#8243; use_icon_font_size=&#8221;on&#8221; icon_font_size=&#8221;23px&#8221; open_icon_color=&#8221;#e02b20&#8243; open_use_icon_font_size=&#8221;on&#8221; open_icon_font_size=&#8221;23px&#8221; _builder_version=&#8221;4.16&#8243; title_text_color=&#8221;#000000&#8243; title_font_size=&#8221;19px&#8221; text_orientation=&#8221;left&#8221; custom_margin=&#8221;-22px|||||&#8221; global_colors_info=&#8221;{}&#8221; title_text_color__hover_enabled=&#8221;on|hover&#8221; title_text_color__hover=&#8221;#e02b20&#8243;]<\/p>\n<p>V\u00e2rsta minim\u0103 pentru a \u00eenchiria o ma\u0219in\u0103 \u00een Atena este de 21 de ani cu un permis de conducere de cel pu\u021bin 2 ani. V\u00e2rsta minim\u0103 depinde de categoria vehiculului. Exist\u0103 o tax\u0103 suplimentar\u0103 de asigurare pentru \u0219oferii cu v\u00e2rsta sub 23 de ani. Vezi mai multe la <a href=\"https:\/\/rentour.gr\/ro\/\u03cc\u03c1\u03bf\u03b9-\u03ba\u03b1\u03b9-\u03c0\u03c1\u03c5\u03c0\u03bf\u03b8\u03ad\u03c3\u03b5\u03b9\u03c2\/\">Termeni \u0219i condi\u021bii<\/a>.<\/p>\n<p>[\/et_pb_toggle][et_pb_toggle title=&#8221;\u03a4\u03b9 \u03b3\u03af\u03bd\u03b5\u03c4\u03b1\u03b9 \u03b1\u03bd \u03ad\u03c7\u03c9 \u03b1\u03c4\u03cd\u03c7\u03b7\u03bc\u03b1;&#8221; open_toggle_text_color=&#8221;#e02b20&#8243; icon_color=&#8221;#e02b20&#8243; use_icon_font_size=&#8221;on&#8221; icon_font_size=&#8221;23px&#8221; open_icon_color=&#8221;#e02b20&#8243; open_use_icon_font_size=&#8221;on&#8221; open_icon_font_size=&#8221;23px&#8221; _builder_version=&#8221;4.16&#8243; title_text_color=&#8221;#000000&#8243; title_font_size=&#8221;19px&#8221; text_orientation=&#8221;left&#8221; custom_margin=&#8221;-22px|||||&#8221; global_colors_info=&#8221;{}&#8221; title_text_color__hover_enabled=&#8221;on|hover&#8221; title_text_color__hover=&#8221;#e02b20&#8243;]<\/p>\n<p>Toate ma\u0219inile noastre sunt asigurate cu asigurare CDW cu o sum\u0103 suplimentar\u0103 \u00een func\u021bie de categoria vehiculului. Desigur, exist\u0103 op\u021biunea de a cump\u0103ra o acoperire suplimentar\u0103 care v\u0103 limiteaz\u0103 sau elimin\u0103 r\u0103spunderea.  <\/p>\n<p>[\/et_pb_toggle][\/et_pb_column][et_pb_column type=&#8221;1_2&#8243; _builder_version=&#8221;4.16&#8243; global_colors_info=&#8221;{}&#8221;][et_pb_toggle title=&#8221;\u03a4\u03b9 \u03b3\u03af\u03bd\u03b5\u03c4\u03b1\u03b9 \u03b1\u03bd \u03b1\u03ba\u03c5\u03c1\u03ce\u03c3\u03c9 \u03bc\u03b9\u03b1 \u03ba\u03c1\u03ac\u03c4\u03b7\u03c3\u03b7;&#8221; open_toggle_text_color=&#8221;#e02b20&#8243; icon_color=&#8221;#e02b20&#8243; use_icon_font_size=&#8221;on&#8221; icon_font_size=&#8221;23px&#8221; open_icon_color=&#8221;#e02b20&#8243; open_use_icon_font_size=&#8221;on&#8221; open_icon_font_size=&#8221;23px&#8221; _builder_version=&#8221;4.16&#8243; title_text_color=&#8221;#000000&#8243; title_font_size=&#8221;19px&#8221; text_orientation=&#8221;left&#8221; custom_margin=&#8221;-22px|||||&#8221; global_colors_info=&#8221;{}&#8221; title_text_color__hover_enabled=&#8221;on|hover&#8221; title_text_color__hover=&#8221;#e02b20&#8243;]<\/p>\n<p>Pentru rezerv\u0103rile anulate cu p\u00e2n\u0103 la 3 zile \u00eenainte de ziua ridic\u0103rii, nu se percepe nicio tax\u0103. Pentru anularea mai pu\u021bin de 3 zile se percepe o tax\u0103 de \u00eenchiriere de 3 zile. Exclude rezerv\u0103rile \u00een sezonul de v\u00e2rf, precum \u0219i ofertele speciale \u0219i reducerile. Vede\u021bi-le \u00een detaliu <a href=\"https:\/\/rentour.gr\/ro\/\u03cc\u03c1\u03bf\u03b9-\u03ba\u03b1\u03b9-\u03c0\u03c1\u03c5\u03c0\u03bf\u03b8\u03ad\u03c3\u03b5\u03b9\u03c2\/\">Termeni \u0219i condi\u021bii<\/a>.<\/p>\n<p>[\/et_pb_toggle][et_pb_toggle title=&#8221;\u039c\u03c0\u03bf\u03c1\u03ce \u03bd\u03b1 \u03bf\u03b4\u03b7\u03b3\u03ae\u03c3\u03c9 \u03c4\u03bf \u03b1\u03c5\u03c4\u03bf\u03ba\u03af\u03bd\u03b7\u03c4\u03bf \u03b5\u03ba\u03c4\u03cc\u03c2 \u0395\u03bb\u03bb\u03ac\u03b4\u03b1\u03c2 \u03ae \u03c3\u03c4\u03b1 \u03b5\u03bb\u03bb\u03b7\u03bd\u03b9\u03ba\u03ac \u03bd\u03b7\u03c3\u03b9\u03ac;&#8221; open_toggle_text_color=&#8221;#e02b20&#8243; icon_color=&#8221;#e02b20&#8243; use_icon_font_size=&#8221;on&#8221; icon_font_size=&#8221;23px&#8221; open_icon_color=&#8221;#e02b20&#8243; open_use_icon_font_size=&#8221;on&#8221; open_icon_font_size=&#8221;23px&#8221; _builder_version=&#8221;4.16&#8243; title_text_color=&#8221;#000000&#8243; title_font_size=&#8221;19px&#8221; text_orientation=&#8221;left&#8221; custom_margin=&#8221;-22px|||||&#8221; global_colors_info=&#8221;{}&#8221; title_text_color__hover_enabled=&#8221;on|hover&#8221; title_text_color__hover=&#8221;#e02b20&#8243;]<\/p>\n<p>Din p\u0103cate, conducerea \u00een afara Greciei nu este permis\u0103. Conducerea pe insulele grece\u0219ti este permis\u0103 numai cu acordul scris al companiei \u0219i se aplic\u0103 restric\u021bii.<\/p>\n<p>[\/et_pb_toggle][et_pb_toggle title=&#8221;\u0395\u03af\u03bd\u03b1\u03b9 \u03b4\u03c5\u03bd\u03b1\u03c4\u03cc\u03bd \u03bd\u03b1 \u03bf\u03b4\u03b7\u03b3\u03ae\u03c3\u03bf\u03c5\u03bd \u03c4\u03bf \u03b5\u03bd\u03bf\u03b9\u03ba\u03b9\u03b1\u03b6\u03cc\u03bc\u03b5\u03bd\u03bf \u03b1\u03c5\u03c4\u03bf\u03ba\u03af\u03bd\u03b7\u03c4\u03bf \u03ac\u03bb\u03bb\u03b1 \u03ac\u03c4\u03bf\u03bc\u03b1;&#8221; open_toggle_text_color=&#8221;#e02b20&#8243; icon_color=&#8221;#e02b20&#8243; use_icon_font_size=&#8221;on&#8221; icon_font_size=&#8221;23px&#8221; open_icon_color=&#8221;#e02b20&#8243; open_use_icon_font_size=&#8221;on&#8221; open_icon_font_size=&#8221;23px&#8221; _builder_version=&#8221;4.16&#8243; title_text_color=&#8221;#000000&#8243; title_font_size=&#8221;19px&#8221; text_orientation=&#8221;left&#8221; custom_margin=&#8221;-22px|||||&#8221; global_colors_info=&#8221;{}&#8221; title_text_color__hover_enabled=&#8221;on|hover&#8221; title_text_color__hover=&#8221;#e02b20&#8243;]<\/p>\n<p>Vehiculul \u00eenchiriat poate fi condus numai de \u0219oferul sau \u0219oferii specificati \u00een contractul de \u00eenchiriere. Conducerea ma\u0219inii \u00eenchiriate de c\u0103tre persoane neautorizate nu este \u00een niciun caz permis\u0103, iar asigurarea nu mai este valabil\u0103.<\/p>\n<p>[\/et_pb_toggle][et_pb_text _builder_version=&#8221;4.16&#8243; text_font=&#8221;|600|||||||&#8221; text_text_color=&#8221;#e02b20&#8243; text_font_size=&#8221;22px&#8221; global_colors_info=&#8221;{}&#8221;]<\/p>\n<p style=\"text-align: center\"><a href=\"https:\/\/rentour.gr\/ro\/\u03c3\u03c5\u03c7\u03bd\u03ad\u03c2-\u03b5\u03c1\u03c9\u03c4\u03ae\u03c3\u03b5\u03b9\u03c2\/\">Vede\u021bi toate \u00eentreb\u0103rile frecvente<\/a><\/p>\n<p>[\/et_pb_text][\/et_pb_column][\/et_pb_row][\/et_pb_section]<\/p>","protected":false},"excerpt":{"rendered":"<p>\u0395\u039d\u039f\u0399\u039a\u0399\u0391\u03a3\u0397 \u0391\u03a5\u03a4\u039f\u039a\u0399\u039d\u0397\u03a4\u039f\u03a5 \u0391\u0398\u0397\u039d\u0391\u0392\u03c1\u03b5\u03af\u03c4\u03b5 \u03c4\u03b1 \u03ba\u03b1\u03bb\u03cd\u03c4\u03b5\u03c1\u03b1 \u03b5\u03bd\u03bf\u03b9\u03ba\u03b9\u03b1\u03b6\u03cc\u03bc\u03b5\u03bd\u03b1 \u03b1\u03c5\u03c4\u03bf\u03ba\u03af\u03bd\u03b7\u03c4\u03b1 \u03c3\u03c4\u03b7\u03bd \u0391\u03b8\u03ae\u03bd\u03b1 \u03ba\u03b1\u03b9 \u03c3\u03c4\u03bf \u0394\u03b9\u03b5\u03b8\u03bd\u03ad\u03c2 \u0391\u03b5\u03c1\u03bf\u03b4\u03c1\u03cc\u03bc\u03b9\u03bf \u0392\u03b5\u03bd\u03b9\u03b6\u03ad\u03bb\u03bf\u03c2\u039f\u03b9 \u03ba\u03b1\u03bb\u03cd\u03c4\u03b5\u03c1\u03b5\u03c2 \u03c0\u03c1\u03bf\u03c3\u03c6\u03bf\u03c1\u03ad\u03c2 \u03b3\u03b9\u03b1 \u03c4\u03b7\u03bd \u03b5\u03bd\u03bf\u03b9\u03ba\u03af\u03b1\u03c3\u03b7 \u03c4\u03bf\u03c5 \u03b1\u03c5\u03c4\u03bf\u03ba\u03b9\u03bd\u03ae\u03c4\u03bf\u03c5 \u03c3\u03b1\u03c2. \u039f\u03bb\u03bf\u03ba\u03b1\u03af\u03bd\u03bf\u03c5\u03c1\u03b3\u03b9\u03b1 \u03b1\u03c5\u03c4\u03bf\u03ba\u03af\u03bd\u03b7\u03c4\u03b1 \u03c6\u03bf\u03b2\u03b5\u03c1\u03ad\u03c2 \u03c4\u03b9\u03bc\u03ad\u03c2 &nbsp;\u0393\u03b9\u03b1 \u03b5\u03bd\u03bf\u03b9\u03ba\u03af\u03b1\u03c3\u03b7 \u03b1\u03c5\u03c4\u03bf\u03ba\u03b9\u03bd\u03ae\u03c4\u03bf\u03c5 \u0391\u03b8\u03ae\u03bd\u03b1, \u0394\u03b9\u03b5\u03b8\u03bd\u03ad\u03c2 \u0391\u03b5\u03c1\u03bf\u03b4\u03c1\u03cc\u03bc\u03b9\u03bf \u0391\u03b8\u03b7\u03bd\u03ce\u03bd \u0395\u03bb. \u0393\u03b9\u03b1 \u03b5\u03bd\u03bf\u03b9\u03ba\u03af\u03b1\u03c3\u03b7 \u03b1\u03c5\u03c4\u03bf\u03ba\u03b9\u03bd\u03ae\u03c4\u03bf\u03c5 \u03c3\u03c4\u03b7\u03bd \u0391\u03b8\u03ae\u03bd\u03b1, \u03c3\u03c4\u03bf \u03b4\u03b9\u03b5\u03b8\u03bd\u03ad\u03c2 \u03b1\u03b5\u03c1\u03bf\u03b4\u03c1\u03cc\u03bc\u03b9\u03bf \u0391\u03b8\u03b7\u03bd\u03ce\u03bd, \u03c3\u03c4\u03bf \u03bb\u03b9\u03bc\u03ac\u03bd\u03b9 \u03c4\u03bf\u03c5 \u03a0\u03b5\u03b9\u03c1\u03b1\u03b9\u03ac, \u03bc\u03cc\u03bd\u03bf \u03c3\u03c4\u03b7 Rentour \u03b8\u03b1 \u03b2\u03c1\u03b5\u03af\u03c4\u03b5 \u03c0\u03bf\u03b9\u03bf\u03c4\u03b9\u03ba\u03ac \u03ba\u03b1\u03b9 [&hellip;]<\/p>","protected":false},"author":1,"featured_media":0,"parent":0,"menu_order":0,"comment_status":"closed","ping_status":"closed","template":"","meta":{"_et_pb_use_builder":"on","_et_pb_old_content":"","_et_gb_content_width":"","footnotes":""},"yoast_head":"<!-- This site is optimized with the Yoast SEO Premium plugin v20.6 (Yoast SEO v20.6) - https:\/\/yoast.com\/wordpress\/plugins\/seo\/ -->\n<title>\u0395\u03bd\u03bf\u03b9\u03ba\u03af\u03b1\u03c3\u03b7 \u03b1\u03c5\u03c4\u03bf\u03ba\u03b9\u03bd\u03ae\u03c4\u03bf\u03c5 \u0391\u03b8\u03ae\u03bd\u03b1 - Rentour - Rent a car<\/title>\n<meta name=\"description\" content=\"E\u03bd\u03bf\u03b9\u03ba\u03af\u03b1\u03c3\u03b7 \u03b1\u03c5\u03c4\u03bf\u03ba\u03b9\u03bd\u03ae\u03c4\u03bf\u03c5 \u03c3\u03c4\u03b7\u03bd \u0391\u03b8\u03ae\u03bd\u03b1, \u03c3\u03c4\u03bf \u03b4\u03b9\u03b5\u03b8\u03bd\u03ad\u03c2 \u03b1\u03b5\u03c1\u03bf\u03b4\u03c1\u03cc\u03bc\u03b9\u03bf \u0391\u03b8\u03b7\u03bd\u03ce\u03bd, \u03c3\u03c4\u03bf \u03bb\u03b9\u03bc\u03ac\u03bd\u03b9 \u03c4\u03bf\u03c5 \u03a0\u03b5\u03b9\u03c1\u03b1\u03b9\u03ac, \u03c7\u03c9\u03c1\u03b9\u03c2 \u03c0\u03b9\u03c3\u03c4\u03c9\u03c4\u03b9\u03ba\u03ae \u03ba\u03ac\u03c1\u03c4\u03b1. \u03a4\u03b1 \u03c0\u03b9\u03bf \u03bf\u03b9\u03ba\u03bf\u03bd\u03bf\u03bc\u03b9\u03ba\u03ac \u03b1\u03c5\u03c4\u03bf\u03ba\u03af\u03bd\u03b7\u03c4\u03b1\" \/>\n<meta name=\"robots\" content=\"index, follow, max-snippet:-1, max-image-preview:large, max-video-preview:-1\" \/>\n<link rel=\"canonical\" href=\"https:\/\/rentour.gr\/ro\/\" \/>\n<meta property=\"og:locale\" content=\"ro_RO\" \/>\n<meta property=\"og:type\" content=\"article\" \/>\n<meta property=\"og:title\" content=\"\u0391\u03c1\u03c7\u03b9\u03ba\u03b7\" \/>\n<meta property=\"og:description\" content=\"E\u03bd\u03bf\u03b9\u03ba\u03af\u03b1\u03c3\u03b7 \u03b1\u03c5\u03c4\u03bf\u03ba\u03b9\u03bd\u03ae\u03c4\u03bf\u03c5 \u03c3\u03c4\u03b7\u03bd \u0391\u03b8\u03ae\u03bd\u03b1, \u03c3\u03c4\u03bf \u03b4\u03b9\u03b5\u03b8\u03bd\u03ad\u03c2 \u03b1\u03b5\u03c1\u03bf\u03b4\u03c1\u03cc\u03bc\u03b9\u03bf \u0391\u03b8\u03b7\u03bd\u03ce\u03bd, \u03c3\u03c4\u03bf \u03bb\u03b9\u03bc\u03ac\u03bd\u03b9 \u03c4\u03bf\u03c5 \u03a0\u03b5\u03b9\u03c1\u03b1\u03b9\u03ac, \u03c7\u03c9\u03c1\u03b9\u03c2 \u03c0\u03b9\u03c3\u03c4\u03c9\u03c4\u03b9\u03ba\u03ae \u03ba\u03ac\u03c1\u03c4\u03b1. \u03a4\u03b1 \u03c0\u03b9\u03bf \u03bf\u03b9\u03ba\u03bf\u03bd\u03bf\u03bc\u03b9\u03ba\u03ac \u03b1\u03c5\u03c4\u03bf\u03ba\u03af\u03bd\u03b7\u03c4\u03b1\" \/>\n<meta property=\"og:url\" content=\"https:\/\/rentour.gr\/ro\/\" \/>\n<meta property=\"og:site_name\" content=\"Rentour\" \/>\n<meta property=\"article:publisher\" content=\"https:\/\/www.facebook.com\/rentour1\" \/>\n<meta property=\"article:modified_time\" content=\"2024-01-12T10:31:06+00:00\" \/>\n<meta property=\"og:image\" content=\"https:\/\/rentour.gr\/wp-content\/uploads\/2019\/12\/car-rental-5-cars.jpg\" \/>\n\t<meta property=\"og:image:width\" content=\"900\" \/>\n\t<meta property=\"og:image:height\" content=\"300\" \/>\n\t<meta property=\"og:image:type\" content=\"image\/jpeg\" \/>\n<meta name=\"twitter:card\" content=\"summary_large_image\" \/>\n<meta name=\"twitter:site\" content=\"@Rentour2\" \/>\n<meta name=\"twitter:label1\" content=\"Timp estimat pentru citire\" \/>\n\t<meta name=\"twitter:data1\" content=\"27 de minute\" \/>\n<script type=\"application\/ld+json\" class=\"yoast-schema-graph\">{\"@context\":\"https:\/\/schema.org\",\"@graph\":[{\"@type\":\"WebPage\",\"@id\":\"https:\/\/rentour.gr\/\",\"url\":\"https:\/\/rentour.gr\/\",\"name\":\"\u0395\u03bd\u03bf\u03b9\u03ba\u03af\u03b1\u03c3\u03b7 \u03b1\u03c5\u03c4\u03bf\u03ba\u03b9\u03bd\u03ae\u03c4\u03bf\u03c5 \u0391\u03b8\u03ae\u03bd\u03b1 - Rentour - Rent a car\",\"isPartOf\":{\"@id\":\"https:\/\/rentour.gr\/#website\"},\"datePublished\":\"2023-01-29T20:31:49+00:00\",\"dateModified\":\"2024-01-12T10:31:06+00:00\",\"description\":\"E\u03bd\u03bf\u03b9\u03ba\u03af\u03b1\u03c3\u03b7 \u03b1\u03c5\u03c4\u03bf\u03ba\u03b9\u03bd\u03ae\u03c4\u03bf\u03c5 \u03c3\u03c4\u03b7\u03bd \u0391\u03b8\u03ae\u03bd\u03b1, \u03c3\u03c4\u03bf \u03b4\u03b9\u03b5\u03b8\u03bd\u03ad\u03c2 \u03b1\u03b5\u03c1\u03bf\u03b4\u03c1\u03cc\u03bc\u03b9\u03bf \u0391\u03b8\u03b7\u03bd\u03ce\u03bd, \u03c3\u03c4\u03bf \u03bb\u03b9\u03bc\u03ac\u03bd\u03b9 \u03c4\u03bf\u03c5 \u03a0\u03b5\u03b9\u03c1\u03b1\u03b9\u03ac, \u03c7\u03c9\u03c1\u03b9\u03c2 \u03c0\u03b9\u03c3\u03c4\u03c9\u03c4\u03b9\u03ba\u03ae \u03ba\u03ac\u03c1\u03c4\u03b1. \u03a4\u03b1 \u03c0\u03b9\u03bf \u03bf\u03b9\u03ba\u03bf\u03bd\u03bf\u03bc\u03b9\u03ba\u03ac \u03b1\u03c5\u03c4\u03bf\u03ba\u03af\u03bd\u03b7\u03c4\u03b1\",\"breadcrumb\":{\"@id\":\"https:\/\/rentour.gr\/#breadcrumb\"},\"inLanguage\":\"ro-RO\",\"potentialAction\":[{\"@type\":\"ReadAction\",\"target\":[\"https:\/\/rentour.gr\/\"]}]},{\"@type\":\"BreadcrumbList\",\"@id\":\"https:\/\/rentour.gr\/#breadcrumb\",\"itemListElement\":[{\"@type\":\"ListItem\",\"position\":1,\"name\":\"\u0391\u03c1\u03c7\u03b9\u03ba\u03ae\",\"item\":\"https:\/\/rentour.gr\/\"},{\"@type\":\"ListItem\",\"position\":2,\"name\":\"\u0391\u03c1\u03c7\u03b9\u03ba\u03b7\"}]},{\"@type\":\"WebSite\",\"@id\":\"https:\/\/rentour.gr\/#website\",\"url\":\"https:\/\/rentour.gr\/\",\"name\":\"Rentour\",\"description\":\"\",\"publisher\":{\"@id\":\"https:\/\/rentour.gr\/#organization\"},\"potentialAction\":[{\"@type\":\"SearchAction\",\"target\":{\"@type\":\"EntryPoint\",\"urlTemplate\":\"https:\/\/rentour.gr\/?s={search_term_string}\"},\"query-input\":\"required name=search_term_string\"}],\"inLanguage\":\"ro-RO\"},{\"@type\":[\"Organization\",\"Place\",\"AutoRental\"],\"@id\":\"https:\/\/rentour.gr\/#organization\",\"name\":\"RENTOUR Rent a Car\",\"url\":\"https:\/\/rentour.gr\/\",\"logo\":{\"@id\":\"https:\/\/rentour.gr\/#local-main-organization-logo\"},\"image\":{\"@id\":\"https:\/\/rentour.gr\/#local-main-organization-logo\"},\"sameAs\":[\"https:\/\/www.facebook.com\/rentour1\",\"https:\/\/twitter.com\/Rentour2\"],\"address\":{\"@id\":\"https:\/\/rentour.gr\/#local-main-place-address\"},\"geo\":{\"@type\":\"GeoCoordinates\",\"latitude\":\"37.967216\",\"longitude\":\"23.7298846\"},\"telephone\":[\"+306951660627\",\"+302103810411\"],\"openingHoursSpecification\":[{\"@type\":\"OpeningHoursSpecification\",\"dayOfWeek\":[\"Monday\",\"Tuesday\",\"Wednesday\",\"Thursday\",\"Friday\",\"Saturday\",\"Sunday\"],\"opens\":\"09:00\",\"closes\":\"21:00\"}],\"email\":\"info@rentour.gr\",\"priceRange\":\"$\",\"currenciesAccepted\":\"all\",\"paymentAccepted\":\"Credit card, debit card, cash, bank transfer, PayPal, visa, MasterCard\"},{\"@type\":\"PostalAddress\",\"@id\":\"https:\/\/rentour.gr\/#local-main-place-address\",\"streetAddress\":\"\u039b\u03b5\u03c9\u03c6\u03cc\u03c1\u03bf\u03c2 \u03a3\u03c5\u03b3\u03b3\u03c1\u03bf\u03cd 26\",\"addressLocality\":\"\u0391\u03b8\u03ae\u03bd\u03b1\",\"postalCode\":\"11742\",\"addressRegion\":\"\u0391\u03c4\u03c4\u03b9\u03ba\u03ae\u03c2\",\"addressCountry\":\"GR\"},{\"@type\":\"ImageObject\",\"inLanguage\":\"ro-RO\",\"@id\":\"https:\/\/rentour.gr\/#local-main-organization-logo\",\"url\":\"https:\/\/rentour.gr\/wp-content\/uploads\/2019\/11\/1222rent-tour-logo-e1573558150999.png\",\"contentUrl\":\"https:\/\/rentour.gr\/wp-content\/uploads\/2019\/11\/1222rent-tour-logo-e1573558150999.png\",\"width\":280,\"height\":65,\"caption\":\"RENTOUR Rent a Car\"}]}<\/script>\n<meta name=\"geo.placename\" content=\"\u0391\u03b8\u03ae\u03bd\u03b1\" \/>\n<meta name=\"geo.position\" content=\"37.967216;23.7298846\" \/>\n<meta name=\"geo.region\" content=\"Grecia\" \/>\n<!-- \/ Yoast SEO Premium plugin. -->","yoast_head_json":{"title":"\u0395\u03bd\u03bf\u03b9\u03ba\u03af\u03b1\u03c3\u03b7 \u03b1\u03c5\u03c4\u03bf\u03ba\u03b9\u03bd\u03ae\u03c4\u03bf\u03c5 \u0391\u03b8\u03ae\u03bd\u03b1 - Rentour - Rent a car","description":"E\u03bd\u03bf\u03b9\u03ba\u03af\u03b1\u03c3\u03b7 \u03b1\u03c5\u03c4\u03bf\u03ba\u03b9\u03bd\u03ae\u03c4\u03bf\u03c5 \u03c3\u03c4\u03b7\u03bd \u0391\u03b8\u03ae\u03bd\u03b1, \u03c3\u03c4\u03bf \u03b4\u03b9\u03b5\u03b8\u03bd\u03ad\u03c2 \u03b1\u03b5\u03c1\u03bf\u03b4\u03c1\u03cc\u03bc\u03b9\u03bf \u0391\u03b8\u03b7\u03bd\u03ce\u03bd, \u03c3\u03c4\u03bf \u03bb\u03b9\u03bc\u03ac\u03bd\u03b9 \u03c4\u03bf\u03c5 \u03a0\u03b5\u03b9\u03c1\u03b1\u03b9\u03ac, \u03c7\u03c9\u03c1\u03b9\u03c2 \u03c0\u03b9\u03c3\u03c4\u03c9\u03c4\u03b9\u03ba\u03ae \u03ba\u03ac\u03c1\u03c4\u03b1. \u03a4\u03b1 \u03c0\u03b9\u03bf \u03bf\u03b9\u03ba\u03bf\u03bd\u03bf\u03bc\u03b9\u03ba\u03ac \u03b1\u03c5\u03c4\u03bf\u03ba\u03af\u03bd\u03b7\u03c4\u03b1","robots":{"index":"index","follow":"follow","max-snippet":"max-snippet:-1","max-image-preview":"max-image-preview:large","max-video-preview":"max-video-preview:-1"},"canonical":"https:\/\/rentour.gr\/ro\/","og_locale":"ro_RO","og_type":"article","og_title":"\u0391\u03c1\u03c7\u03b9\u03ba\u03b7","og_description":"E\u03bd\u03bf\u03b9\u03ba\u03af\u03b1\u03c3\u03b7 \u03b1\u03c5\u03c4\u03bf\u03ba\u03b9\u03bd\u03ae\u03c4\u03bf\u03c5 \u03c3\u03c4\u03b7\u03bd \u0391\u03b8\u03ae\u03bd\u03b1, \u03c3\u03c4\u03bf \u03b4\u03b9\u03b5\u03b8\u03bd\u03ad\u03c2 \u03b1\u03b5\u03c1\u03bf\u03b4\u03c1\u03cc\u03bc\u03b9\u03bf \u0391\u03b8\u03b7\u03bd\u03ce\u03bd, \u03c3\u03c4\u03bf \u03bb\u03b9\u03bc\u03ac\u03bd\u03b9 \u03c4\u03bf\u03c5 \u03a0\u03b5\u03b9\u03c1\u03b1\u03b9\u03ac, \u03c7\u03c9\u03c1\u03b9\u03c2 \u03c0\u03b9\u03c3\u03c4\u03c9\u03c4\u03b9\u03ba\u03ae \u03ba\u03ac\u03c1\u03c4\u03b1. \u03a4\u03b1 \u03c0\u03b9\u03bf \u03bf\u03b9\u03ba\u03bf\u03bd\u03bf\u03bc\u03b9\u03ba\u03ac \u03b1\u03c5\u03c4\u03bf\u03ba\u03af\u03bd\u03b7\u03c4\u03b1","og_url":"https:\/\/rentour.gr\/ro\/","og_site_name":"Rentour","article_publisher":"https:\/\/www.facebook.com\/rentour1","article_modified_time":"2024-01-12T10:31:06+00:00","og_image":[{"width":900,"height":300,"url":"https:\/\/rentour.gr\/wp-content\/uploads\/2019\/12\/car-rental-5-cars.jpg","type":"image\/jpeg"}],"twitter_card":"summary_large_image","twitter_site":"@Rentour2","twitter_misc":{"Timp estimat pentru citire":"27 de minute"},"schema":{"@context":"https:\/\/schema.org","@graph":[{"@type":"WebPage","@id":"https:\/\/rentour.gr\/","url":"https:\/\/rentour.gr\/","name":"\u0395\u03bd\u03bf\u03b9\u03ba\u03af\u03b1\u03c3\u03b7 \u03b1\u03c5\u03c4\u03bf\u03ba\u03b9\u03bd\u03ae\u03c4\u03bf\u03c5 \u0391\u03b8\u03ae\u03bd\u03b1 - Rentour - Rent a car","isPartOf":{"@id":"https:\/\/rentour.gr\/#website"},"datePublished":"2023-01-29T20:31:49+00:00","dateModified":"2024-01-12T10:31:06+00:00","description":"E\u03bd\u03bf\u03b9\u03ba\u03af\u03b1\u03c3\u03b7 \u03b1\u03c5\u03c4\u03bf\u03ba\u03b9\u03bd\u03ae\u03c4\u03bf\u03c5 \u03c3\u03c4\u03b7\u03bd \u0391\u03b8\u03ae\u03bd\u03b1, \u03c3\u03c4\u03bf \u03b4\u03b9\u03b5\u03b8\u03bd\u03ad\u03c2 \u03b1\u03b5\u03c1\u03bf\u03b4\u03c1\u03cc\u03bc\u03b9\u03bf \u0391\u03b8\u03b7\u03bd\u03ce\u03bd, \u03c3\u03c4\u03bf \u03bb\u03b9\u03bc\u03ac\u03bd\u03b9 \u03c4\u03bf\u03c5 \u03a0\u03b5\u03b9\u03c1\u03b1\u03b9\u03ac, \u03c7\u03c9\u03c1\u03b9\u03c2 \u03c0\u03b9\u03c3\u03c4\u03c9\u03c4\u03b9\u03ba\u03ae \u03ba\u03ac\u03c1\u03c4\u03b1. \u03a4\u03b1 \u03c0\u03b9\u03bf \u03bf\u03b9\u03ba\u03bf\u03bd\u03bf\u03bc\u03b9\u03ba\u03ac \u03b1\u03c5\u03c4\u03bf\u03ba\u03af\u03bd\u03b7\u03c4\u03b1","breadcrumb":{"@id":"https:\/\/rentour.gr\/#breadcrumb"},"inLanguage":"ro-RO","potentialAction":[{"@type":"ReadAction","target":["https:\/\/rentour.gr\/"]}]},{"@type":"BreadcrumbList","@id":"https:\/\/rentour.gr\/#breadcrumb","itemListElement":[{"@type":"ListItem","position":1,"name":"\u0391\u03c1\u03c7\u03b9\u03ba\u03ae","item":"https:\/\/rentour.gr\/"},{"@type":"ListItem","position":2,"name":"\u0391\u03c1\u03c7\u03b9\u03ba\u03b7"}]},{"@type":"WebSite","@id":"https:\/\/rentour.gr\/#website","url":"https:\/\/rentour.gr\/","name":"Rentour","description":"","publisher":{"@id":"https:\/\/rentour.gr\/#organization"},"potentialAction":[{"@type":"SearchAction","target":{"@type":"EntryPoint","urlTemplate":"https:\/\/rentour.gr\/?s={search_term_string}"},"query-input":"required name=search_term_string"}],"inLanguage":"ro-RO"},{"@type":["Organization","Place","AutoRental"],"@id":"https:\/\/rentour.gr\/#organization","name":"RENTOUR Rent a Car","url":"https:\/\/rentour.gr\/","logo":{"@id":"https:\/\/rentour.gr\/#local-main-organization-logo"},"image":{"@id":"https:\/\/rentour.gr\/#local-main-organization-logo"},"sameAs":["https:\/\/www.facebook.com\/rentour1","https:\/\/twitter.com\/Rentour2"],"address":{"@id":"https:\/\/rentour.gr\/#local-main-place-address"},"geo":{"@type":"GeoCoordinates","latitude":"37.967216","longitude":"23.7298846"},"telephone":["+306951660627","+302103810411"],"openingHoursSpecification":[{"@type":"OpeningHoursSpecification","dayOfWeek":["Monday","Tuesday","Wednesday","Thursday","Friday","Saturday","Sunday"],"opens":"09:00","closes":"21:00"}],"email":"info@rentour.gr","priceRange":"$","currenciesAccepted":"all","paymentAccepted":"Credit card, debit card, cash, bank transfer, PayPal, visa, MasterCard"},{"@type":"PostalAddress","@id":"https:\/\/rentour.gr\/#local-main-place-address","streetAddress":"\u039b\u03b5\u03c9\u03c6\u03cc\u03c1\u03bf\u03c2 \u03a3\u03c5\u03b3\u03b3\u03c1\u03bf\u03cd 26","addressLocality":"\u0391\u03b8\u03ae\u03bd\u03b1","postalCode":"11742","addressRegion":"\u0391\u03c4\u03c4\u03b9\u03ba\u03ae\u03c2","addressCountry":"GR"},{"@type":"ImageObject","inLanguage":"ro-RO","@id":"https:\/\/rentour.gr\/#local-main-organization-logo","url":"https:\/\/rentour.gr\/wp-content\/uploads\/2019\/11\/1222rent-tour-logo-e1573558150999.png","contentUrl":"https:\/\/rentour.gr\/wp-content\/uploads\/2019\/11\/1222rent-tour-logo-e1573558150999.png","width":280,"height":65,"caption":"RENTOUR Rent a Car"}]},"geo.placename":"\u0391\u03b8\u03ae\u03bd\u03b1","geo.position":{"lat":"37.967216","long":"23.7298846"},"geo.region":"Grecia"},"_links":{"self":[{"href":"https:\/\/rentour.gr\/ro\/wp-json\/wp\/v2\/pages\/1972"}],"collection":[{"href":"https:\/\/rentour.gr\/ro\/wp-json\/wp\/v2\/pages"}],"about":[{"href":"https:\/\/rentour.gr\/ro\/wp-json\/wp\/v2\/types\/page"}],"author":[{"embeddable":true,"href":"https:\/\/rentour.gr\/ro\/wp-json\/wp\/v2\/users\/1"}],"replies":[{"embeddable":true,"href":"https:\/\/rentour.gr\/ro\/wp-json\/wp\/v2\/comments?post=1972"}],"version-history":[{"count":0,"href":"https:\/\/rentour.gr\/ro\/wp-json\/wp\/v2\/pages\/1972\/revisions"}],"wp:attachment":[{"href":"https:\/\/rentour.gr\/ro\/wp-json\/wp\/v2\/media?parent=1972"}],"curies":[{"name":"wp","href":"https:\/\/api.w.org\/{rel}","templated":true}]}}